{"id":2262,"date":"2024-03-27T16:18:29","date_gmt":"2024-03-27T16:18:29","guid":{"rendered":"https:\/\/pinardi.com\/pep\/?post_type=project&#038;p=2262"},"modified":"2024-04-09T08:01:28","modified_gmt":"2024-04-09T08:01:28","slug":"dos-de-cada-tres-jovenes-contratados-tras-primera-experiencia-profesional","status":"publish","type":"project","link":"https:\/\/pinardi.com\/pep\/project\/dos-de-cada-tres-jovenes-contratados-tras-primera-experiencia-profesional\/","title":{"rendered":"Dos de cada tres j\u00f3venes son contratados tras participar en Primera Experiencia Profesional"},"content":{"rendered":"<p>[et_pb_section fb_built=\u00bb1&#8243; _builder_version=\u00bb4.23&#8243; _module_preset=\u00bbdefault\u00bb custom_padding=\u00bb|8px||||\u00bb global_colors_info=\u00bb{}\u00bb][et_pb_row _builder_version=\u00bb4.23&#8243; _module_preset=\u00bbdefault\u00bb custom_padding=\u00bb||10px||false|false\u00bb locked=\u00bboff\u00bb global_colors_info=\u00bb{}\u00bb][et_pb_column type=\u00bb4_4&#8243; _builder_version=\u00bb4.20.1&#8243; _module_preset=\u00bbdefault\u00bb global_colors_info=\u00bb{}\u00bb][et_pb_post_title author=\u00bboff\u00bb date_format=\u00bbj %92d%92e F %92d%92e Y\u00bb comments=\u00bboff\u00bb featured_image=\u00bboff\u00bb admin_label=\u00bbT\u00edtulo de publicaci\u00f3n\u00bb _builder_version=\u00bb4.23&#8243; _module_preset=\u00bbdefault\u00bb global_colors_info=\u00bb{}\u00bb][\/et_pb_post_title][et_pb_text admin_label=\u00bbetiqueta\u00bb _builder_version=\u00bb4.23&#8243; _module_preset=\u00bbdefault\u00bb text_font=\u00bb|700||on|||||\u00bb text_text_color=\u00bb#3A4A57&#8243; background_color=\u00bb#DADCDE\u00bb transform_scale_linked=\u00bboff\u00bb text_orientation=\u00bbcenter\u00bb custom_padding=\u00bb2px|10px|2px|10px|true|true\u00bb custom_css_main_element=\u00bbwidth:180px;\u00bb border_radii=\u00bbon|8px|8px|8px|8px\u00bb global_colors_info=\u00bb{}\u00bb]<\/p>\n<p>Nota de prensa<\/p>\n<p>[\/et_pb_text][et_pb_image src=\u00bbhttps:\/\/pinardi.com\/pep\/wp-content\/uploads\/2024\/03\/PXL_20231025_140650106-scaled.jpg\u00bb alt=\u00bbJ\u00f3venes participantes del programa Primera Experiencia Profesional de Pinardi en El Matadero de Madrid en octubre de 2023&#8243; title_text=\u00bbPEP-Pinardi-octubre23&#8243; _builder_version=\u00bb4.23&#8243; _module_preset=\u00bbdefault\u00bb global_colors_info=\u00bb{}\u00bb][\/et_pb_image][et_pb_text admin_label=\u00bbtitulares | ideas clave\u00bb _builder_version=\u00bb4.23&#8243; _module_preset=\u00bbdefault\u00bb global_colors_info=\u00bb{}\u00bb]<\/p>\n<ul>\n<li>Pinardi y la Comunidad de Madrid presentan los resultados de la evaluaci\u00f3n de su programa Primera Experiencia Profesional (PEP), un proyecto para la empleabilidad juvenil y la inclusi\u00f3n social<\/li>\n<\/ul>\n<p>[\/et_pb_text][et_pb_text admin_label=\u00bbNota de prensa\u00bb _builder_version=\u00bb4.23&#8243; _module_preset=\u00bbdefault\u00bb custom_padding=\u00bb0px|||||\u00bb global_colors_info=\u00bb{}\u00bb]<\/p>\n<p><strong>Madrid, 25 de marzo de 2024<\/strong><\/p>\n<p>Pinardi ha presentado esta semana la evaluaci\u00f3n de su programa Primera Experiencia Profesional (PEP), en el que han participado 421 j\u00f3venes con un nivel de empleabilidad bajo de la Comunidad de Madrid. Este modelo innovador pretende aportar soluciones a un problema estructural tan cr\u00edtico como el desempleo juvenil y permite el desarrollo personal e inmersi\u00f3n laboral de los j\u00f3venes en alianza con 14 grandes empresas referentes en sus sectores. Primera Experiencia Profesional es un proyecto de Pinardi y la Comunidad de Madrid, financiado por el Ministerio de Inclusi\u00f3n, Seguridad Social y Migraciones, Uni\u00f3n Europea-Next Generation a trav\u00e9s del Plan de Recuperaci\u00f3n, Transformaci\u00f3n y Resiliencia.<\/p>\n<p>Entre las principales conclusiones de la evaluaci\u00f3n, destaca la alta empleabilidad del programa: tras el mismo, dos tercios de los participantes consiguen un contrato de trabajo. Cabe destacar que el 48% de personas participantes de PEP son mujeres de entre 18 y 21 a\u00f1os; el 41 % son de origen extranjero; el 97% estaban desempleadas con una experiencia laboral media de menos de 6 meses y el 68% no ten\u00eda estudios superiores a la ESO.<\/p>\n<p>El programa no se enfoca \u00fanicamente en la inserci\u00f3n laboral, sino que, de forma diferencial a otros programas de inserci\u00f3n laboral, PEP apuesta por el desarrollo personal y la recuperaci\u00f3n integral de las personas participantes, especialmente de su autoestima y su autonom\u00eda laboral, como paso previo necesario para adquirir habilidades que les permitan acceder al empleo o reingresar al sistema educativo. En ese sentido, destacan los siguientes datos:<\/p>\n<ul>\n<li>El 90% de participantes ven mejorado su nivel de empleabilidad, 20 puntos por encima de los itinerarios de inserci\u00f3n tradicionales, y observan una mejora de sus competencias transversales como trabajo en equipo, flexibilidad, organizaci\u00f3n del tiempo, etc.<\/li>\n<li>El 50,9% de las personas participantes aumentan su nivel de autoestima; el 43,8% mejora su capacidad de autonom\u00eda en el trabajo y el 31,7% ve sus perspectivas de futuro mejoradas.<\/li>\n<li>Como consecuencia de todo lo anterior, el 58,4% se sienten m\u00e1s empoderadas al terminar el programa.<\/li>\n<\/ul>\n<p>Si bien las experiencias vitales de los participantes son diversas y \u00fanicas, como parte de la evaluaci\u00f3n, tambi\u00e9n se han identificado tres factores comunes que influyen en el abandono educativo-laboral de las personas participantes para las que PEP es una soluci\u00f3n: un desajuste de expectativas sobre su futuro socioecon\u00f3mico frente a la realidad de su situaci\u00f3n actual; la ausencia de figuras parentales que transmitan valores de \u00e9tica laboral, como la centralidad del trabajo en la vida, el rechazo al malgasto del tiempo o el valor del esfuerzo, entre otros; y eventos vitales significativos, como procesos migratorios, problemas de salud mental y ausencia de referentes familiares, entre otros factores de riesgo.<\/p>\n<p>\u201c<em>Antes no hac\u00eda gran cosa. No termin\u00e9 el bachillerato. Estaba<\/em><em> en una \u00e9poca bastante complicada de mi vida, pero de repente me lleg\u00f3 un correo de Pinardi y fue como, \u00bfqu\u00e9 ser\u00e1 esto?\u201d \u201cYo no ten\u00eda experiencia dentro de un trabajo y de repente llegar a un hotel y encontrarme con gente que ya lleva much\u00edsimo tiempo trabajando, que ya sabe much\u00edsimo de su oficio, eso me ha nutrido much\u00edsimo\u201d. \u201cMe ha ayudado tambi\u00e9n el tema de hablar, de hablar en p\u00fablico, de hablarle a gente que no conozco\u201d. \u201cLos educadores han hecho un trabajo incre\u00edble. Hacen un trabajo muy bueno y siento que de verdad te ayudan en el proceso, te acompa\u00f1an much\u00edsimo<\/em>\u201d. Testimonio de <strong>Valery Cadenas<\/strong>, joven de 20 a\u00f1os participante de PEP.<\/p>\n<p>\u201c<em>Hay<\/em><em> tres elementos innovadores dentro del modelo de primera experiencia profesional. El primero es el trabajo conjunto y compartido de igual a igual entre las administraciones, las empresas y Pinardi. Las administraciones establecen un marco de referencia; las empresas son el elemento formador y que aporta la \u00e9tica laboral que el joven necesita. Y la tercera pata, los equipos educativos de Pinardi que realizan un trabajo integral con el joven. El segundo elemento diferencial es esa triple mentor\u00eda que trabaja de forma continua sobre el joven. El mentor educativo de Pinardi; el mentor profesional de la empresa desde el \u00e1mbito de los recursos humanos o de la responsabilidad social corporativa; y el tutor que est\u00e1 en el d\u00eda a d\u00eda con el joven transmiti\u00e9ndole el oficio. Y el tercer elemento diferencial es la flexibilidad. Hay un modelo definido y una metodolog\u00eda, pero con la necesaria flexibilidad para adaptarse a cada sector, a cada empresa, y definir un itinerario educativo personalizado con cada uno de los j\u00f3venes. Esto permite dar una respuesta \u00e1gil, r\u00e1pida, continua a las necesidades del joven y a las necesidades de las empresas<\/em>\u201d, <strong>Javier Doval<\/strong>, Director de Pinardi.<\/p>\n<p><strong>\u00a0<\/strong><strong>Sobre PEP<\/strong><\/p>\n<p><strong>\u00a0<\/strong>Primera Experiencia Profesional es un proyecto con tres actores clave, Pinardi, Comunidad de Madrid y empresas referentes de diferentes sectores (cadenas hoteleras, log\u00edstica, comercio, restauraci\u00f3n, atenci\u00f3n al cliente, construcci\u00f3n y mantenimiento) que trabajan en alianza para asegurar que los j\u00f3venes tienen una experiencia de trabajo en un entorno real y su posterior incorporaci\u00f3n laboral.<\/p>\n<p>La metodolog\u00eda de PEP, que recupera la figura del aprendiz heredada de la propuesta educativa de los Salesianos, desarrolla un programa personalizado e individualizado para mejorar la empleabilidad de j\u00f3venes con un abandono temprano de la educaci\u00f3n-formaci\u00f3n y baja cualificaci\u00f3n laboral a trav\u00e9s de tres fases: activaci\u00f3n, inmersi\u00f3n laboral y cierre.<\/p>\n<p>La fase de activaci\u00f3n dura 3 meses y se centra en la orientaci\u00f3n personalizada y recuperaci\u00f3n de la autoestima y la seguridad de las personas j\u00f3venes participantes. La segunda fase de inmersi\u00f3n laboral dura 2-4 meses y se trata de una formaci\u00f3n laboral en un entorno real, que se realiza directamente en las empresas colaboradoras. Por \u00faltimo, en la fase de cierre se produce la incorporaci\u00f3n laboral o el retorno educativo.<\/p>\n<p>[\/et_pb_text][et_pb_button button_url=\u00bbhttps:\/\/pinardi.com\/pep\/wp-content\/uploads\/2024\/04\/2024-03-25-NdP-2-de-cada-3-jovenes.pdf\u00bb url_new_window=\u00bbon\u00bb button_text=\u00bbDescargar nota de prensa\u00bb button_alignment=\u00bbcenter\u00bb admin_label=\u00bbBot\u00f3n descargar NdP\u00bb _builder_version=\u00bb4.23&#8243; _module_preset=\u00bbdefault\u00bb custom_button=\u00bbon\u00bb button_icon=\u00bb&#xf15b;||fa||400&#8243; hover_enabled=\u00bb0&#8243; global_colors_info=\u00bb{}\u00bb sticky_enabled=\u00bb0&#8243;][\/et_pb_button][et_pb_gallery gallery_ids=\u00bb2281,2282,2283,2284,2285,2286,2287,2288&#8243; posts_number=\u00bb8&#8243; show_title_and_caption=\u00bboff\u00bb _builder_version=\u00bb4.23&#8243; _module_preset=\u00bbdefault\u00bb max_width=\u00bb100%\u00bb module_alignment=\u00bbcenter\u00bb custom_padding=\u00bb||||false|false\u00bb global_colors_info=\u00bb{}\u00bb][\/et_pb_gallery][\/et_pb_column][\/et_pb_row][\/et_pb_section][et_pb_section fb_built=\u00bb1&#8243; _builder_version=\u00bb4.20.1&#8243; _module_preset=\u00bbdefault\u00bb custom_padding=\u00bb0px||||false|false\u00bb locked=\u00bboff\u00bb global_colors_info=\u00bb{}\u00bb][et_pb_row _builder_version=\u00bb4.20.1&#8243; _module_preset=\u00bbdefault\u00bb custom_margin=\u00bb0px||0px||true|false\u00bb global_colors_info=\u00bb{}\u00bb][et_pb_column type=\u00bb4_4&#8243; _builder_version=\u00bb4.20.1&#8243; _module_preset=\u00bbdefault\u00bb global_colors_info=\u00bb{}\u00bb][et_pb_divider color=\u00bb#DC001B\u00bb divider_weight=\u00bb3px\u00bb _builder_version=\u00bb4.20.1&#8243; _module_preset=\u00bbdefault\u00bb global_colors_info=\u00bb{}\u00bb][\/et_pb_divider][et_pb_text admin_label=\u00bbInfo\u00bb _builder_version=\u00bb4.20.1&#8243; _module_preset=\u00bbdefault\u00bb global_colors_info=\u00bb{}\u00bb]<\/p>\n<h4>Acerca de Primera Experiencia Profesional<\/h4>\n<p><span><a href=\"https:\/\/pinardi.com\/pep\/\">Primera Experiencia Profesional<\/a> es un proyecto de Pinardi y la Comunidad de Madrid<\/span><em>para la mejora de la empleabilidad juvenil y el retorno educativo que est\u00e1 <\/em>\ufb01nanciado por el Ministerio de Inclusi\u00f3n, Seguridad Social y Migraciones, Uni\u00f3n Europea-Next Generation a trav\u00e9s del Plan de Recuperaci\u00f3n, Transformaci\u00f3n y Resiliencia<\/p>\n<p><strong>Pinardi <\/strong>es una entidad social que tiene como \ufb01nalidad la promoci\u00f3n integral de los j\u00f3venes en situaci\u00f3n de vulnerabilidad y su formaci\u00f3n para el empleo. <strong>Pinardi <\/strong>es una de las entidades que conforman <strong>BoscoSocial <\/strong>o lo que es lo mismo, el conjunto de las Obras Sociales de <strong>Salesianos Santiago el Mayor.<\/strong><\/p>\n<p>La <strong>Comunidad de Madrid <\/strong>entiende y atiende las necesidades espec\u00ed\ufb01cas de aquellos j\u00f3venes que necesitan para su realizaci\u00f3n personal y profesional un itinerario no reglado, singular. Porque creemos que la mejor ayuda\/oportunidad que podemos proporcionar a cada persona es la madurez y la autonom\u00eda social y econ\u00f3mica, impulsamos esta iniciativa innovadora dentro del compromiso y esfuerzo colectivo por la inclusi\u00f3n.<\/p>\n<p>&nbsp;<\/p>\n<p>[\/et_pb_text][\/et_pb_column][\/et_pb_row][et_pb_row column_structure=\u00bb1_3,2_3&#8243; make_equal=\u00bbon\u00bb _builder_version=\u00bb4.20.1&#8243; _module_preset=\u00bbdefault\u00bb custom_padding=\u00bb||5px||false|false\u00bb custom_css_main_element=\u00bbalign-items: center;\u00bb global_colors_info=\u00bb{}\u00bb][et_pb_column type=\u00bb1_3&#8243; _builder_version=\u00bb4.20.1&#8243; _module_preset=\u00bbdefault\u00bb global_colors_info=\u00bb{}\u00bb][et_pb_icon font_icon=\u00bb&#xf2b6;||fa||400&#8243; icon_width=\u00bb40px\u00bb _builder_version=\u00bb4.20.1&#8243; _module_preset=\u00bbdefault\u00bb global_colors_info=\u00bb{}\u00bb][\/et_pb_icon][\/et_pb_column][et_pb_column type=\u00bb2_3&#8243; admin_label=\u00bbContacto prensa\u00bb _builder_version=\u00bb4.20.1&#8243; _module_preset=\u00bbdefault\u00bb background_color=\u00bbrgba(218,220,222,0.37)\u00bb custom_padding=\u00bb15px|15px|15px|15px|true|true\u00bb global_colors_info=\u00bb{}\u00bb][et_pb_text _builder_version=\u00bb4.20.1&#8243; _module_preset=\u00bbdefault\u00bb global_colors_info=\u00bb{}\u00bb]<\/p>\n<h6>M\u00e1s informaci\u00f3n:<\/h6>\n<p><strong>Fresia M\u00e9ndez Mora<\/strong> <br \/>Comunicaci\u00f3n Primera Experiencia Profesional<br \/>fresiamendez@pinardi.com<br \/>652174053 ext. 678<\/p>\n<p>[\/et_pb_text][\/et_pb_column][\/et_pb_row][et_pb_row _builder_version=\u00bb4.20.1&#8243; _module_preset=\u00bbdefault\u00bb global_colors_info=\u00bb{}\u00bb][et_pb_column type=\u00bb4_4&#8243; _builder_version=\u00bb4.20.1&#8243; _module_preset=\u00bbdefault\u00bb global_colors_info=\u00bb{}\u00bb][et_pb_divider color=\u00bb#DC001B\u00bb divider_weight=\u00bb3px\u00bb _builder_version=\u00bb4.20.1&#8243; _module_preset=\u00bbdefault\u00bb global_colors_info=\u00bb{}\u00bb][\/et_pb_divider][et_pb_text _builder_version=\u00bb4.20.1&#8243; _module_preset=\u00bbdefault\u00bb global_colors_info=\u00bb{}\u00bb]<\/p>\n<p style=\"text-align: center;\"><a href=\"https:\/\/pinardi.com\/pep\/lo-que-hacemos\/sala-de-prensa\/\">Volver a la sala de prensa<\/a><\/p>\n<p>[\/et_pb_text][\/et_pb_column][\/et_pb_row][\/et_pb_section]<\/p>\n","protected":false},"excerpt":{"rendered":"<p>Nota de prensa: FestiPEP X Tu Futuro celebra el \u00e9xito de Primera Experiencia Profesional. <\/p>\n","protected":false},"author":3,"featured_media":2272,"comment_status":"open","ping_status":"closed","template":"","meta":{"_et_pb_use_builder":"on","_et_pb_old_content":"","_et_gb_content_width":"","footnotes":""},"project_category":[16],"project_tag":[],"class_list":["post-2262","project","type-project","status-publish","has-post-thumbnail","hentry","project_category-nota-de-prensa"],"yoast_head":"<!-- This site is optimized with the Yoast SEO plugin v27.5 - https:\/\/yoast.com\/product\/yoast-seo-wordpress\/ -->\n<title>Dos de cada tres j\u00f3venes son contratados tras participar en Primera Experiencia Profesional | Primera Experiencia Profesional<\/title>\n<meta name=\"description\" content=\"Pinardi ha presentado la evaluaci\u00f3n de su programa Primera Experiencia Profesional (PEP), en el que han participado 421 j\u00f3venes de Madrid.\" \/>\n<meta name=\"robots\" content=\"noindex, follow\" \/>\n<meta property=\"og:locale\" content=\"es_ES\" \/>\n<meta property=\"og:type\" content=\"article\" \/>\n<meta property=\"og:title\" content=\"Dos de cada tres j\u00f3venes son contratados tras participar en Primera Experiencia Profesional | Primera Experiencia Profesional\" \/>\n<meta property=\"og:description\" content=\"Pinardi ha presentado la evaluaci\u00f3n de su programa Primera Experiencia Profesional (PEP), en el que han participado 421 j\u00f3venes de Madrid.\" \/>\n<meta property=\"og:url\" content=\"https:\/\/pinardi.com\/pep\/project\/dos-de-cada-tres-jovenes-contratados-tras-primera-experiencia-profesional\/\" \/>\n<meta property=\"og:site_name\" content=\"Primera Experiencia Profesional\" \/>\n<meta property=\"article:modified_time\" content=\"2024-04-09T08:01:28+00:00\" \/>\n<meta property=\"og:image\" content=\"https:\/\/pinardi.com\/pep\/wp-content\/uploads\/2024\/03\/PXL_20231025_140650106-scaled.jpg\" \/>\n\t<meta property=\"og:image:width\" content=\"2560\" \/>\n\t<meta property=\"og:image:height\" content=\"1440\" \/>\n\t<meta property=\"og:image:type\" content=\"image\/jpeg\" \/>\n<meta name=\"twitter:card\" content=\"summary_large_image\" \/>\n<meta name=\"twitter:label1\" content=\"Tiempo de lectura\" \/>\n\t<meta name=\"twitter:data1\" content=\"7 minutos\" \/>\n<script type=\"application\/ld+json\" class=\"yoast-schema-graph\">{\"@context\":\"https:\\\/\\\/schema.org\",\"@graph\":[{\"@type\":\"WebPage\",\"@id\":\"https:\\\/\\\/pinardi.com\\\/pep\\\/project\\\/dos-de-cada-tres-jovenes-contratados-tras-primera-experiencia-profesional\\\/\",\"url\":\"https:\\\/\\\/pinardi.com\\\/pep\\\/project\\\/dos-de-cada-tres-jovenes-contratados-tras-primera-experiencia-profesional\\\/\",\"name\":\"Dos de cada tres j\u00f3venes son contratados tras participar en Primera Experiencia Profesional | Primera Experiencia Profesional\",\"isPartOf\":{\"@id\":\"https:\\\/\\\/pinardi.com\\\/pep\\\/#website\"},\"primaryImageOfPage\":{\"@id\":\"https:\\\/\\\/pinardi.com\\\/pep\\\/project\\\/dos-de-cada-tres-jovenes-contratados-tras-primera-experiencia-profesional\\\/#primaryimage\"},\"image\":{\"@id\":\"https:\\\/\\\/pinardi.com\\\/pep\\\/project\\\/dos-de-cada-tres-jovenes-contratados-tras-primera-experiencia-profesional\\\/#primaryimage\"},\"thumbnailUrl\":\"https:\\\/\\\/pinardi.com\\\/pep\\\/wp-content\\\/uploads\\\/2024\\\/03\\\/PXL_20231025_140650106-scaled.jpg\",\"datePublished\":\"2024-03-27T16:18:29+00:00\",\"dateModified\":\"2024-04-09T08:01:28+00:00\",\"description\":\"Pinardi ha presentado la evaluaci\u00f3n de su programa Primera Experiencia Profesional (PEP), en el que han participado 421 j\u00f3venes de Madrid.\",\"breadcrumb\":{\"@id\":\"https:\\\/\\\/pinardi.com\\\/pep\\\/project\\\/dos-de-cada-tres-jovenes-contratados-tras-primera-experiencia-profesional\\\/#breadcrumb\"},\"inLanguage\":\"es\",\"potentialAction\":[{\"@type\":\"ReadAction\",\"target\":[\"https:\\\/\\\/pinardi.com\\\/pep\\\/project\\\/dos-de-cada-tres-jovenes-contratados-tras-primera-experiencia-profesional\\\/\"]}]},{\"@type\":\"ImageObject\",\"inLanguage\":\"es\",\"@id\":\"https:\\\/\\\/pinardi.com\\\/pep\\\/project\\\/dos-de-cada-tres-jovenes-contratados-tras-primera-experiencia-profesional\\\/#primaryimage\",\"url\":\"https:\\\/\\\/pinardi.com\\\/pep\\\/wp-content\\\/uploads\\\/2024\\\/03\\\/PXL_20231025_140650106-scaled.jpg\",\"contentUrl\":\"https:\\\/\\\/pinardi.com\\\/pep\\\/wp-content\\\/uploads\\\/2024\\\/03\\\/PXL_20231025_140650106-scaled.jpg\",\"width\":2560,\"height\":1440,\"caption\":\"J\u00f3venes participantes del programa Primera Experiencia Profesional de Pinardi en El Matadero de Madrid en octubre de 2023\"},{\"@type\":\"BreadcrumbList\",\"@id\":\"https:\\\/\\\/pinardi.com\\\/pep\\\/project\\\/dos-de-cada-tres-jovenes-contratados-tras-primera-experiencia-profesional\\\/#breadcrumb\",\"itemListElement\":[{\"@type\":\"ListItem\",\"position\":1,\"name\":\"Portada\",\"item\":\"https:\\\/\\\/pinardi.com\\\/pep\\\/\"},{\"@type\":\"ListItem\",\"position\":2,\"name\":\"Proyectos\",\"item\":\"https:\\\/\\\/pinardi.com\\\/pep\\\/project\\\/\"},{\"@type\":\"ListItem\",\"position\":3,\"name\":\"Dos de cada tres j\u00f3venes son contratados tras participar en Primera Experiencia Profesional\"}]},{\"@type\":\"WebSite\",\"@id\":\"https:\\\/\\\/pinardi.com\\\/pep\\\/#website\",\"url\":\"https:\\\/\\\/pinardi.com\\\/pep\\\/\",\"name\":\"Primera Experiencia Profesional\",\"description\":\"Proyecto para la empleabilidad juvenil\",\"publisher\":{\"@id\":\"https:\\\/\\\/pinardi.com\\\/pep\\\/#organization\"},\"alternateName\":\"PEP\",\"potentialAction\":[{\"@type\":\"SearchAction\",\"target\":{\"@type\":\"EntryPoint\",\"urlTemplate\":\"https:\\\/\\\/pinardi.com\\\/pep\\\/?s={search_term_string}\"},\"query-input\":{\"@type\":\"PropertyValueSpecification\",\"valueRequired\":true,\"valueName\":\"search_term_string\"}}],\"inLanguage\":\"es\"},{\"@type\":\"Organization\",\"@id\":\"https:\\\/\\\/pinardi.com\\\/pep\\\/#organization\",\"name\":\"Primera Experiencia Profesional, un proyecto de Pinardi\",\"url\":\"https:\\\/\\\/pinardi.com\\\/pep\\\/\",\"logo\":{\"@type\":\"ImageObject\",\"inLanguage\":\"es\",\"@id\":\"https:\\\/\\\/pinardi.com\\\/pep\\\/#\\\/schema\\\/logo\\\/image\\\/\",\"url\":\"https:\\\/\\\/pinardi.com\\\/pep\\\/wp-content\\\/uploads\\\/2022\\\/10\\\/pep-22-completo-vertical-01.png\",\"contentUrl\":\"https:\\\/\\\/pinardi.com\\\/pep\\\/wp-content\\\/uploads\\\/2022\\\/10\\\/pep-22-completo-vertical-01.png\",\"width\":3508,\"height\":2480,\"caption\":\"Primera Experiencia Profesional, un proyecto de Pinardi\"},\"image\":{\"@id\":\"https:\\\/\\\/pinardi.com\\\/pep\\\/#\\\/schema\\\/logo\\\/image\\\/\"},\"sameAs\":[\"https:\\\/\\\/www.tiktok.com\\\/@pep_pinardi\",\"https:\\\/\\\/www.instagram.com\\\/pep_pinardi\\\/\"]}]}<\/script>\n<!-- \/ Yoast SEO plugin. -->","yoast_head_json":{"title":"Dos de cada tres j\u00f3venes son contratados tras participar en Primera Experiencia Profesional | Primera Experiencia Profesional","description":"Pinardi ha presentado la evaluaci\u00f3n de su programa Primera Experiencia Profesional (PEP), en el que han participado 421 j\u00f3venes de Madrid.","robots":{"index":"noindex","follow":"follow"},"og_locale":"es_ES","og_type":"article","og_title":"Dos de cada tres j\u00f3venes son contratados tras participar en Primera Experiencia Profesional | Primera Experiencia Profesional","og_description":"Pinardi ha presentado la evaluaci\u00f3n de su programa Primera Experiencia Profesional (PEP), en el que han participado 421 j\u00f3venes de Madrid.","og_url":"https:\/\/pinardi.com\/pep\/project\/dos-de-cada-tres-jovenes-contratados-tras-primera-experiencia-profesional\/","og_site_name":"Primera Experiencia Profesional","article_modified_time":"2024-04-09T08:01:28+00:00","og_image":[{"width":2560,"height":1440,"url":"https:\/\/pinardi.com\/pep\/wp-content\/uploads\/2024\/03\/PXL_20231025_140650106-scaled.jpg","type":"image\/jpeg"}],"twitter_card":"summary_large_image","twitter_misc":{"Tiempo de lectura":"7 minutos"},"schema":{"@context":"https:\/\/schema.org","@graph":[{"@type":"WebPage","@id":"https:\/\/pinardi.com\/pep\/project\/dos-de-cada-tres-jovenes-contratados-tras-primera-experiencia-profesional\/","url":"https:\/\/pinardi.com\/pep\/project\/dos-de-cada-tres-jovenes-contratados-tras-primera-experiencia-profesional\/","name":"Dos de cada tres j\u00f3venes son contratados tras participar en Primera Experiencia Profesional | Primera Experiencia Profesional","isPartOf":{"@id":"https:\/\/pinardi.com\/pep\/#website"},"primaryImageOfPage":{"@id":"https:\/\/pinardi.com\/pep\/project\/dos-de-cada-tres-jovenes-contratados-tras-primera-experiencia-profesional\/#primaryimage"},"image":{"@id":"https:\/\/pinardi.com\/pep\/project\/dos-de-cada-tres-jovenes-contratados-tras-primera-experiencia-profesional\/#primaryimage"},"thumbnailUrl":"https:\/\/pinardi.com\/pep\/wp-content\/uploads\/2024\/03\/PXL_20231025_140650106-scaled.jpg","datePublished":"2024-03-27T16:18:29+00:00","dateModified":"2024-04-09T08:01:28+00:00","description":"Pinardi ha presentado la evaluaci\u00f3n de su programa Primera Experiencia Profesional (PEP), en el que han participado 421 j\u00f3venes de Madrid.","breadcrumb":{"@id":"https:\/\/pinardi.com\/pep\/project\/dos-de-cada-tres-jovenes-contratados-tras-primera-experiencia-profesional\/#breadcrumb"},"inLanguage":"es","potentialAction":[{"@type":"ReadAction","target":["https:\/\/pinardi.com\/pep\/project\/dos-de-cada-tres-jovenes-contratados-tras-primera-experiencia-profesional\/"]}]},{"@type":"ImageObject","inLanguage":"es","@id":"https:\/\/pinardi.com\/pep\/project\/dos-de-cada-tres-jovenes-contratados-tras-primera-experiencia-profesional\/#primaryimage","url":"https:\/\/pinardi.com\/pep\/wp-content\/uploads\/2024\/03\/PXL_20231025_140650106-scaled.jpg","contentUrl":"https:\/\/pinardi.com\/pep\/wp-content\/uploads\/2024\/03\/PXL_20231025_140650106-scaled.jpg","width":2560,"height":1440,"caption":"J\u00f3venes participantes del programa Primera Experiencia Profesional de Pinardi en El Matadero de Madrid en octubre de 2023"},{"@type":"BreadcrumbList","@id":"https:\/\/pinardi.com\/pep\/project\/dos-de-cada-tres-jovenes-contratados-tras-primera-experiencia-profesional\/#breadcrumb","itemListElement":[{"@type":"ListItem","position":1,"name":"Portada","item":"https:\/\/pinardi.com\/pep\/"},{"@type":"ListItem","position":2,"name":"Proyectos","item":"https:\/\/pinardi.com\/pep\/project\/"},{"@type":"ListItem","position":3,"name":"Dos de cada tres j\u00f3venes son contratados tras participar en Primera Experiencia Profesional"}]},{"@type":"WebSite","@id":"https:\/\/pinardi.com\/pep\/#website","url":"https:\/\/pinardi.com\/pep\/","name":"Primera Experiencia Profesional","description":"Proyecto para la empleabilidad juvenil","publisher":{"@id":"https:\/\/pinardi.com\/pep\/#organization"},"alternateName":"PEP","potentialAction":[{"@type":"SearchAction","target":{"@type":"EntryPoint","urlTemplate":"https:\/\/pinardi.com\/pep\/?s={search_term_string}"},"query-input":{"@type":"PropertyValueSpecification","valueRequired":true,"valueName":"search_term_string"}}],"inLanguage":"es"},{"@type":"Organization","@id":"https:\/\/pinardi.com\/pep\/#organization","name":"Primera Experiencia Profesional, un proyecto de Pinardi","url":"https:\/\/pinardi.com\/pep\/","logo":{"@type":"ImageObject","inLanguage":"es","@id":"https:\/\/pinardi.com\/pep\/#\/schema\/logo\/image\/","url":"https:\/\/pinardi.com\/pep\/wp-content\/uploads\/2022\/10\/pep-22-completo-vertical-01.png","contentUrl":"https:\/\/pinardi.com\/pep\/wp-content\/uploads\/2022\/10\/pep-22-completo-vertical-01.png","width":3508,"height":2480,"caption":"Primera Experiencia Profesional, un proyecto de Pinardi"},"image":{"@id":"https:\/\/pinardi.com\/pep\/#\/schema\/logo\/image\/"},"sameAs":["https:\/\/www.tiktok.com\/@pep_pinardi","https:\/\/www.instagram.com\/pep_pinardi\/"]}]}},"_links":{"self":[{"href":"https:\/\/pinardi.com\/pep\/wp-json\/wp\/v2\/project\/2262","targetHints":{"allow":["GET"]}}],"collection":[{"href":"https:\/\/pinardi.com\/pep\/wp-json\/wp\/v2\/project"}],"about":[{"href":"https:\/\/pinardi.com\/pep\/wp-json\/wp\/v2\/types\/project"}],"author":[{"embeddable":true,"href":"https:\/\/pinardi.com\/pep\/wp-json\/wp\/v2\/users\/3"}],"replies":[{"embeddable":true,"href":"https:\/\/pinardi.com\/pep\/wp-json\/wp\/v2\/comments?post=2262"}],"version-history":[{"count":20,"href":"https:\/\/pinardi.com\/pep\/wp-json\/wp\/v2\/project\/2262\/revisions"}],"predecessor-version":[{"id":2311,"href":"https:\/\/pinardi.com\/pep\/wp-json\/wp\/v2\/project\/2262\/revisions\/2311"}],"wp:featuredmedia":[{"embeddable":true,"href":"https:\/\/pinardi.com\/pep\/wp-json\/wp\/v2\/media\/2272"}],"wp:attachment":[{"href":"https:\/\/pinardi.com\/pep\/wp-json\/wp\/v2\/media?parent=2262"}],"wp:term":[{"taxonomy":"project_category","embeddable":true,"href":"https:\/\/pinardi.com\/pep\/wp-json\/wp\/v2\/project_category?post=2262"},{"taxonomy":"project_tag","embeddable":true,"href":"https:\/\/pinardi.com\/pep\/wp-json\/wp\/v2\/project_tag?post=2262"}],"curies":[{"name":"wp","href":"https:\/\/api.w.org\/{rel}","templated":true}]}}