{"id":1628,"date":"2023-10-25T14:35:53","date_gmt":"2023-10-25T14:35:53","guid":{"rendered":"https:\/\/pinardi.com\/pep\/?post_type=project&#038;p=1628"},"modified":"2023-10-26T08:19:17","modified_gmt":"2023-10-26T08:19:17","slug":"festipep-x-tu-futuro-celebra-el-exito-de-primera-experiencia-profesional","status":"publish","type":"project","link":"https:\/\/pinardi.com\/pep\/project\/festipep-x-tu-futuro-celebra-el-exito-de-primera-experiencia-profesional\/","title":{"rendered":"FestiPEP X Tu Futuro celebra el \u00e9xito de Primera Experiencia Profesional"},"content":{"rendered":"<p>[et_pb_section fb_built=\u00bb1&#8243; _builder_version=\u00bb4.20.1&#8243; _module_preset=\u00bbdefault\u00bb custom_padding=\u00bb|8px||||\u00bb global_colors_info=\u00bb{}\u00bb][et_pb_row _builder_version=\u00bb4.20.1&#8243; _module_preset=\u00bbdefault\u00bb custom_padding=\u00bb||10px||false|false\u00bb locked=\u00bboff\u00bb global_colors_info=\u00bb{}\u00bb][et_pb_column type=\u00bb4_4&#8243; _builder_version=\u00bb4.20.1&#8243; _module_preset=\u00bbdefault\u00bb global_colors_info=\u00bb{}\u00bb][et_pb_post_title author=\u00bboff\u00bb date_format=\u00bbj %92d%92e F %92d%92e Y\u00bb comments=\u00bboff\u00bb featured_image=\u00bboff\u00bb _builder_version=\u00bb4.20.1&#8243; _module_preset=\u00bbdefault\u00bb global_colors_info=\u00bb{}\u00bb][\/et_pb_post_title][et_pb_text admin_label=\u00bbetiqueta\u00bb _builder_version=\u00bb4.21.0&#8243; _module_preset=\u00bbdefault\u00bb text_font=\u00bb|700||on|||||\u00bb text_text_color=\u00bb#3A4A57&#8243; background_color=\u00bb#DADCDE\u00bb transform_scale_linked=\u00bboff\u00bb text_orientation=\u00bbcenter\u00bb custom_padding=\u00bb2px|10px|2px|10px|true|true\u00bb custom_css_main_element=\u00bbwidth:180px;\u00bb border_radii=\u00bbon|8px|8px|8px|8px\u00bb global_colors_info=\u00bb{}\u00bb]<\/p>\n<p>Nota de prensa<\/p>\n<p>[\/et_pb_text][et_pb_image src=\u00bbhttps:\/\/pinardi.com\/pep\/wp-content\/uploads\/2023\/10\/FestiPEP-X-Tu-Futuro-para-web.png\u00bb alt=\u00bbFoto de grupo de los participantes del primer FestiPEP\u00bb title_text=\u00bbFestiPEP X Tu Futuro &#8211; para web\u00bb _builder_version=\u00bb4.21.0&#8243; _module_preset=\u00bbdefault\u00bb global_colors_info=\u00bb{}\u00bb][\/et_pb_image][et_pb_text admin_label=\u00bbtitulares | ideas clave\u00bb _builder_version=\u00bb4.20.2&#8243; _module_preset=\u00bbdefault\u00bb global_colors_info=\u00bb{}\u00bb]<\/p>\n<ul>\n<li><span>230 j\u00f3venes de entre 18 y 29 a\u00f1os participaron en FestiPEP X Tu Futuro, una actividad con la que Pinardi pretende conectar j\u00f3venes, empresarios y educadores para que compartan sus experiencias en el programa Primera Experiencia Profesional. <\/span><\/li>\n<li><span>Primera Experiencia Profesional es una nueva forma de abordar el problema del desempleo juvenil: una experiencia formativa que permite el desarrollo personal y el descubrimiento profesional de la mano de los equipos educativos de Pinardi y de empresas l\u00edderes.<\/span><\/li>\n<li><span>421 j\u00f3venes han finalizado con \u00e9xito el programa Primera Experiencia Profesional y se han puesto en camino hacia su inserci\u00f3n laboral y educativa. <\/span><\/li>\n<\/ul>\n<p>[\/et_pb_text][et_pb_text admin_label=\u00bbNota de prensa\u00bb _builder_version=\u00bb4.21.0&#8243; _module_preset=\u00bbdefault\u00bb custom_padding=\u00bb0px|||||\u00bb global_colors_info=\u00bb{}\u00bb]<\/p>\n<p><strong>Madrid, 25 de octubre de 2023.<\/strong><\/p>\n<p><strong>FestiPEP X Tu Futuro<\/strong>, el festival de Primera Experiencia Profesional (PEP), ha logrado reunir a <strong>230 j\u00f3venes <\/strong>en la Nave de Terneras del Centro Cultural Casa del Reloj de Madrid, a quienes se han unido 50 profesionales de Pinardi y 50 representantes de empresas. La jornada ha buscado<strong> conectar a profesionales de empresas, equipos educativos y j\u00f3venes protagonistas del proyecto<\/strong>.<\/p>\n<p>A trav\u00e9s de talleres, actividades grupales, charlas motivacionales y diversos espacios de integraci\u00f3n, los participantes han podido compartir sus experiencias y aprendizajes tras su paso por <a href=\"https:\/\/pep.pinardi.com\/\">Primera Experiencia Profesional<\/a>.<\/p>\n<p>A media jornada, <strong>do\u00f1a Ana D\u00e1vila-Ponce de Le\u00f3n Municio, consejera de Familia, Juventud y Asuntos Sociales de la Comunidad de Madrid<\/strong>, ha compartido con participantes y representantes de las empresas colaboradoras unas palabras sobre el proyecto: \u00abPrimera Experiencia Profesional representa una oportunidad \u00fanica para el progreso de la sociedad, Madrid tiene j\u00f3venes con un enorme potencial, con ganas de aprender, de crecer y avanzar. Estoy segura que los resultados de mejora de la empleabilidad, inserci\u00f3n laboral y retorno educativo van a ser muy significativos\u00bb.<\/p>\n<p>Para finalizar el festival, los j\u00f3venes han disfrutado con la presentaci\u00f3n de <strong>Tawas y Dj Livi<\/strong>, quienes han animado a los participantes de FestiPEP X Tu Futuro a cantar y bailar al ritmo de sus temas m\u00e1s representativos.<\/p>\n<h2>Un futuro prometedor<\/h2>\n<p>El festival FestiPEP X Tu Futuro ha sido, por un lado, una jornada de encuentro y celebraci\u00f3n entre todas las personas protagonistas de este proyecto y, por otro, un punto final de la edici\u00f3n en curso de Primera Experiencia Profesional, que ha transcurrido con gran \u00e9xito: <strong>421 j\u00f3venes han finalizado su formaci\u00f3n en las empresas<\/strong>, trabajando de la mano de empresas l\u00edderes en sus sectores.<\/p>\n<p>La jornada ha puesto en valor el crecimiento personal y laboral que <strong>Primera Experiencia Profesional (PEP)<\/strong> quiere fomentar en sus participantes, y por ello, todas las actividades realizadas han sido una invitaci\u00f3n a los j\u00f3venes para ponerse metas a futuro y seguir trabajando por hacer realidad sus sue\u00f1os.<\/p>\n<p>El proyecto <strong>PEP<\/strong> busca un enfoque integrador de la formaci\u00f3n y el aprendizaje, rompiendo las barreras que a menudo existen entre j\u00f3venes y empresas. El atractivo de este proyecto para la empleabilidad juvenil reside en su <strong>car\u00e1cter pr\u00e1ctico, referencias profesionales inspiradoras y nuevos empleos<\/strong> para que los j\u00f3venes piensen en su futuro.<\/p>\n<p>[\/et_pb_text][et_pb_button button_url=\u00bbhttps:\/\/pinardi.com\/pep\/wp-content\/uploads\/2023\/10\/2023-10-25-NdP-FestiPEP-X-tu-futuro.pdf\u00bb url_new_window=\u00bbon\u00bb button_text=\u00bbDescargar nota de prensa\u00bb button_alignment=\u00bbcenter\u00bb admin_label=\u00bbBot\u00f3n descargar NdP\u00bb _builder_version=\u00bb4.21.0&#8243; _module_preset=\u00bbdefault\u00bb custom_button=\u00bbon\u00bb button_icon=\u00bb&#xf15b;||fa||400&#8243; global_colors_info=\u00bb{}\u00bb][\/et_pb_button][et_pb_gallery gallery_ids=\u00bb1629,1882,1879,1884,1631,1873,1872,1874&#8243; posts_number=\u00bb8&#8243; show_title_and_caption=\u00bboff\u00bb _builder_version=\u00bb4.21.0&#8243; _module_preset=\u00bbdefault\u00bb max_width=\u00bb100%\u00bb module_alignment=\u00bbcenter\u00bb custom_padding=\u00bb||||false|false\u00bb hover_enabled=\u00bb0&#8243; global_colors_info=\u00bb{}\u00bb sticky_enabled=\u00bb0&#8243;][\/et_pb_gallery][\/et_pb_column][\/et_pb_row][\/et_pb_section][et_pb_section fb_built=\u00bb1&#8243; _builder_version=\u00bb4.20.1&#8243; _module_preset=\u00bbdefault\u00bb custom_padding=\u00bb0px||||false|false\u00bb locked=\u00bboff\u00bb global_colors_info=\u00bb{}\u00bb][et_pb_row _builder_version=\u00bb4.20.1&#8243; _module_preset=\u00bbdefault\u00bb custom_margin=\u00bb0px||0px||true|false\u00bb global_colors_info=\u00bb{}\u00bb][et_pb_column type=\u00bb4_4&#8243; _builder_version=\u00bb4.20.1&#8243; _module_preset=\u00bbdefault\u00bb global_colors_info=\u00bb{}\u00bb][et_pb_divider color=\u00bb#DC001B\u00bb divider_weight=\u00bb3px\u00bb _builder_version=\u00bb4.20.1&#8243; _module_preset=\u00bbdefault\u00bb global_colors_info=\u00bb{}\u00bb][\/et_pb_divider][et_pb_text admin_label=\u00bbInfo\u00bb _builder_version=\u00bb4.20.1&#8243; _module_preset=\u00bbdefault\u00bb global_colors_info=\u00bb{}\u00bb]<\/p>\n<h4>Acerca de Primera Experiencia Profesional<\/h4>\n<p><span><a href=\"https:\/\/pinardi.com\/pep\/\">Primera Experiencia Profesional<\/a> es un proyecto de Pinardi y la Comunidad de Madrid<\/span><em>para la mejora de la empleabilidad juvenil y el retorno educativo que est\u00e1 <\/em>\ufb01nanciado por el Ministerio de Inclusi\u00f3n, Seguridad Social y Migraciones, Uni\u00f3n Europea-Next Generation a trav\u00e9s del Plan de Recuperaci\u00f3n, Transformaci\u00f3n y Resiliencia<\/p>\n<p><strong>Pinardi <\/strong>es una entidad social que tiene como \ufb01nalidad la promoci\u00f3n integral de los j\u00f3venes en situaci\u00f3n de vulnerabilidad y su formaci\u00f3n para el empleo. <strong>Pinardi <\/strong>es una de las entidades que conforman <strong>BoscoSocial <\/strong>o lo que es lo mismo, el conjunto de las Obras Sociales de <strong>Salesianos Santiago el Mayor.<\/strong><\/p>\n<p>La <strong>Comunidad de Madrid <\/strong>entiende y atiende las necesidades espec\u00ed\ufb01cas de aquellos j\u00f3venes que necesitan para su realizaci\u00f3n personal y profesional un itinerario no reglado, singular. Porque creemos que la mejor ayuda\/oportunidad que podemos proporcionar a cada persona es la madurez y la autonom\u00eda social y econ\u00f3mica, impulsamos esta iniciativa innovadora dentro del compromiso y esfuerzo colectivo por la inclusi\u00f3n.<\/p>\n<p>&nbsp;<\/p>\n<p>[\/et_pb_text][\/et_pb_column][\/et_pb_row][et_pb_row column_structure=\u00bb1_3,2_3&#8243; make_equal=\u00bbon\u00bb _builder_version=\u00bb4.20.1&#8243; _module_preset=\u00bbdefault\u00bb custom_padding=\u00bb||5px||false|false\u00bb custom_css_main_element=\u00bbalign-items: center;\u00bb global_colors_info=\u00bb{}\u00bb][et_pb_column type=\u00bb1_3&#8243; _builder_version=\u00bb4.20.1&#8243; _module_preset=\u00bbdefault\u00bb global_colors_info=\u00bb{}\u00bb][et_pb_icon font_icon=\u00bb&#xf2b6;||fa||400&#8243; icon_width=\u00bb40px\u00bb _builder_version=\u00bb4.20.1&#8243; _module_preset=\u00bbdefault\u00bb global_colors_info=\u00bb{}\u00bb][\/et_pb_icon][\/et_pb_column][et_pb_column type=\u00bb2_3&#8243; admin_label=\u00bbContacto prensa\u00bb _builder_version=\u00bb4.20.1&#8243; _module_preset=\u00bbdefault\u00bb background_color=\u00bbrgba(218,220,222,0.37)\u00bb custom_padding=\u00bb15px|15px|15px|15px|true|true\u00bb global_colors_info=\u00bb{}\u00bb][et_pb_text _builder_version=\u00bb4.20.1&#8243; _module_preset=\u00bbdefault\u00bb global_colors_info=\u00bb{}\u00bb]<\/p>\n<h6>M\u00e1s informaci\u00f3n:<\/h6>\n<p><strong>Fresia M\u00e9ndez Mora<\/strong> <br \/>Comunicaci\u00f3n Primera Experiencia Profesional<br \/>fresiamendez@pinardi.com<br \/>652174053 ext. 678<\/p>\n<p>[\/et_pb_text][\/et_pb_column][\/et_pb_row][et_pb_row _builder_version=\u00bb4.20.1&#8243; _module_preset=\u00bbdefault\u00bb global_colors_info=\u00bb{}\u00bb][et_pb_column type=\u00bb4_4&#8243; _builder_version=\u00bb4.20.1&#8243; _module_preset=\u00bbdefault\u00bb global_colors_info=\u00bb{}\u00bb][et_pb_divider color=\u00bb#DC001B\u00bb divider_weight=\u00bb3px\u00bb _builder_version=\u00bb4.20.1&#8243; _module_preset=\u00bbdefault\u00bb global_colors_info=\u00bb{}\u00bb][\/et_pb_divider][et_pb_text _builder_version=\u00bb4.20.1&#8243; _module_preset=\u00bbdefault\u00bb global_colors_info=\u00bb{}\u00bb]<\/p>\n<p style=\"text-align: center;\"><a href=\"https:\/\/pinardi.com\/pep\/lo-que-hacemos\/sala-de-prensa\/\">Volver a la sala de prensa<\/a><\/p>\n<p>[\/et_pb_text][\/et_pb_column][\/et_pb_row][\/et_pb_section]<\/p>\n","protected":false},"excerpt":{"rendered":"<p>Nota de prensa: FestiPEP X Tu Futuro celebra el \u00e9xito de Primera Experiencia Profesional. <\/p>\n","protected":false},"author":2,"featured_media":1629,"comment_status":"open","ping_status":"closed","template":"","meta":{"_et_pb_use_builder":"on","_et_pb_old_content":"","_et_gb_content_width":"","footnotes":""},"project_category":[16],"project_tag":[],"class_list":["post-1628","project","type-project","status-publish","has-post-thumbnail","hentry","project_category-nota-de-prensa"],"yoast_head":"<!-- This site is optimized with the Yoast SEO plugin v27.5 - https:\/\/yoast.com\/product\/yoast-seo-wordpress\/ -->\n<title>FestiPEP X Tu Futuro celebra el \u00e9xito de Primera Experiencia Profesional | Primera Experiencia Profesional<\/title>\n<meta name=\"description\" content=\"Nota de prensa: FestiPEP X Tu Futuro celebra el \u00e9xito de Primera Experiencia Profesional reuniendo a m\u00e1s de 330 personas.\" \/>\n<meta name=\"robots\" content=\"noindex, follow\" \/>\n<meta property=\"og:locale\" content=\"es_ES\" \/>\n<meta property=\"og:type\" content=\"article\" \/>\n<meta property=\"og:title\" content=\"FestiPEP X Tu Futuro celebra el \u00e9xito de Primera Experiencia Profesional | Primera Experiencia Profesional\" \/>\n<meta property=\"og:description\" content=\"Nota de prensa: FestiPEP X Tu Futuro celebra el \u00e9xito de Primera Experiencia Profesional reuniendo a m\u00e1s de 330 personas.\" \/>\n<meta property=\"og:url\" content=\"https:\/\/pinardi.com\/pep\/project\/festipep-x-tu-futuro-celebra-el-exito-de-primera-experiencia-profesional\/\" \/>\n<meta property=\"og:site_name\" content=\"Primera Experiencia Profesional\" \/>\n<meta property=\"article:modified_time\" content=\"2023-10-26T08:19:17+00:00\" \/>\n<meta property=\"og:image\" content=\"https:\/\/pinardi.com\/pep\/wp-content\/uploads\/2023\/10\/FestiPEP-X-Tu-Futuro-1024x576.png\" \/>\n\t<meta property=\"og:image:width\" content=\"1024\" \/>\n\t<meta property=\"og:image:height\" content=\"576\" \/>\n\t<meta property=\"og:image:type\" content=\"image\/png\" \/>\n<meta name=\"twitter:card\" content=\"summary_large_image\" \/>\n<meta name=\"twitter:label1\" content=\"Tiempo de lectura\" \/>\n\t<meta name=\"twitter:data1\" content=\"4 minutos\" \/>\n<script type=\"application\/ld+json\" class=\"yoast-schema-graph\">{\"@context\":\"https:\\\/\\\/schema.org\",\"@graph\":[{\"@type\":\"WebPage\",\"@id\":\"https:\\\/\\\/pinardi.com\\\/pep\\\/project\\\/festipep-x-tu-futuro-celebra-el-exito-de-primera-experiencia-profesional\\\/\",\"url\":\"https:\\\/\\\/pinardi.com\\\/pep\\\/project\\\/festipep-x-tu-futuro-celebra-el-exito-de-primera-experiencia-profesional\\\/\",\"name\":\"FestiPEP X Tu Futuro celebra el \u00e9xito de Primera Experiencia Profesional | Primera Experiencia Profesional\",\"isPartOf\":{\"@id\":\"https:\\\/\\\/pinardi.com\\\/pep\\\/#website\"},\"primaryImageOfPage\":{\"@id\":\"https:\\\/\\\/pinardi.com\\\/pep\\\/project\\\/festipep-x-tu-futuro-celebra-el-exito-de-primera-experiencia-profesional\\\/#primaryimage\"},\"image\":{\"@id\":\"https:\\\/\\\/pinardi.com\\\/pep\\\/project\\\/festipep-x-tu-futuro-celebra-el-exito-de-primera-experiencia-profesional\\\/#primaryimage\"},\"thumbnailUrl\":\"https:\\\/\\\/pinardi.com\\\/pep\\\/wp-content\\\/uploads\\\/2023\\\/10\\\/FestiPEP-X-Tu-Futuro.png\",\"datePublished\":\"2023-10-25T14:35:53+00:00\",\"dateModified\":\"2023-10-26T08:19:17+00:00\",\"description\":\"Nota de prensa: FestiPEP X Tu Futuro celebra el \u00e9xito de Primera Experiencia Profesional reuniendo a m\u00e1s de 330 personas.\",\"breadcrumb\":{\"@id\":\"https:\\\/\\\/pinardi.com\\\/pep\\\/project\\\/festipep-x-tu-futuro-celebra-el-exito-de-primera-experiencia-profesional\\\/#breadcrumb\"},\"inLanguage\":\"es\",\"potentialAction\":[{\"@type\":\"ReadAction\",\"target\":[\"https:\\\/\\\/pinardi.com\\\/pep\\\/project\\\/festipep-x-tu-futuro-celebra-el-exito-de-primera-experiencia-profesional\\\/\"]}]},{\"@type\":\"ImageObject\",\"inLanguage\":\"es\",\"@id\":\"https:\\\/\\\/pinardi.com\\\/pep\\\/project\\\/festipep-x-tu-futuro-celebra-el-exito-de-primera-experiencia-profesional\\\/#primaryimage\",\"url\":\"https:\\\/\\\/pinardi.com\\\/pep\\\/wp-content\\\/uploads\\\/2023\\\/10\\\/FestiPEP-X-Tu-Futuro.png\",\"contentUrl\":\"https:\\\/\\\/pinardi.com\\\/pep\\\/wp-content\\\/uploads\\\/2023\\\/10\\\/FestiPEP-X-Tu-Futuro.png\",\"width\":1920,\"height\":1080,\"caption\":\"Foto de grupo de FestiPEP X Tu Futuro\"},{\"@type\":\"BreadcrumbList\",\"@id\":\"https:\\\/\\\/pinardi.com\\\/pep\\\/project\\\/festipep-x-tu-futuro-celebra-el-exito-de-primera-experiencia-profesional\\\/#breadcrumb\",\"itemListElement\":[{\"@type\":\"ListItem\",\"position\":1,\"name\":\"Portada\",\"item\":\"https:\\\/\\\/pinardi.com\\\/pep\\\/\"},{\"@type\":\"ListItem\",\"position\":2,\"name\":\"Proyectos\",\"item\":\"https:\\\/\\\/pinardi.com\\\/pep\\\/project\\\/\"},{\"@type\":\"ListItem\",\"position\":3,\"name\":\"FestiPEP X Tu Futuro celebra el \u00e9xito de Primera Experiencia Profesional\"}]},{\"@type\":\"WebSite\",\"@id\":\"https:\\\/\\\/pinardi.com\\\/pep\\\/#website\",\"url\":\"https:\\\/\\\/pinardi.com\\\/pep\\\/\",\"name\":\"Primera Experiencia Profesional\",\"description\":\"Proyecto para la empleabilidad juvenil\",\"publisher\":{\"@id\":\"https:\\\/\\\/pinardi.com\\\/pep\\\/#organization\"},\"alternateName\":\"PEP\",\"potentialAction\":[{\"@type\":\"SearchAction\",\"target\":{\"@type\":\"EntryPoint\",\"urlTemplate\":\"https:\\\/\\\/pinardi.com\\\/pep\\\/?s={search_term_string}\"},\"query-input\":{\"@type\":\"PropertyValueSpecification\",\"valueRequired\":true,\"valueName\":\"search_term_string\"}}],\"inLanguage\":\"es\"},{\"@type\":\"Organization\",\"@id\":\"https:\\\/\\\/pinardi.com\\\/pep\\\/#organization\",\"name\":\"Primera Experiencia Profesional, un proyecto de Pinardi\",\"url\":\"https:\\\/\\\/pinardi.com\\\/pep\\\/\",\"logo\":{\"@type\":\"ImageObject\",\"inLanguage\":\"es\",\"@id\":\"https:\\\/\\\/pinardi.com\\\/pep\\\/#\\\/schema\\\/logo\\\/image\\\/\",\"url\":\"https:\\\/\\\/pinardi.com\\\/pep\\\/wp-content\\\/uploads\\\/2022\\\/10\\\/pep-22-completo-vertical-01.png\",\"contentUrl\":\"https:\\\/\\\/pinardi.com\\\/pep\\\/wp-content\\\/uploads\\\/2022\\\/10\\\/pep-22-completo-vertical-01.png\",\"width\":3508,\"height\":2480,\"caption\":\"Primera Experiencia Profesional, un proyecto de Pinardi\"},\"image\":{\"@id\":\"https:\\\/\\\/pinardi.com\\\/pep\\\/#\\\/schema\\\/logo\\\/image\\\/\"},\"sameAs\":[\"https:\\\/\\\/www.tiktok.com\\\/@pep_pinardi\",\"https:\\\/\\\/www.instagram.com\\\/pep_pinardi\\\/\"]}]}<\/script>\n<!-- \/ Yoast SEO plugin. -->","yoast_head_json":{"title":"FestiPEP X Tu Futuro celebra el \u00e9xito de Primera Experiencia Profesional | Primera Experiencia Profesional","description":"Nota de prensa: FestiPEP X Tu Futuro celebra el \u00e9xito de Primera Experiencia Profesional reuniendo a m\u00e1s de 330 personas.","robots":{"index":"noindex","follow":"follow"},"og_locale":"es_ES","og_type":"article","og_title":"FestiPEP X Tu Futuro celebra el \u00e9xito de Primera Experiencia Profesional | Primera Experiencia Profesional","og_description":"Nota de prensa: FestiPEP X Tu Futuro celebra el \u00e9xito de Primera Experiencia Profesional reuniendo a m\u00e1s de 330 personas.","og_url":"https:\/\/pinardi.com\/pep\/project\/festipep-x-tu-futuro-celebra-el-exito-de-primera-experiencia-profesional\/","og_site_name":"Primera Experiencia Profesional","article_modified_time":"2023-10-26T08:19:17+00:00","og_image":[{"width":1024,"height":576,"url":"https:\/\/pinardi.com\/pep\/wp-content\/uploads\/2023\/10\/FestiPEP-X-Tu-Futuro-1024x576.png","type":"image\/png"}],"twitter_card":"summary_large_image","twitter_misc":{"Tiempo de lectura":"4 minutos"},"schema":{"@context":"https:\/\/schema.org","@graph":[{"@type":"WebPage","@id":"https:\/\/pinardi.com\/pep\/project\/festipep-x-tu-futuro-celebra-el-exito-de-primera-experiencia-profesional\/","url":"https:\/\/pinardi.com\/pep\/project\/festipep-x-tu-futuro-celebra-el-exito-de-primera-experiencia-profesional\/","name":"FestiPEP X Tu Futuro celebra el \u00e9xito de Primera Experiencia Profesional | Primera Experiencia Profesional","isPartOf":{"@id":"https:\/\/pinardi.com\/pep\/#website"},"primaryImageOfPage":{"@id":"https:\/\/pinardi.com\/pep\/project\/festipep-x-tu-futuro-celebra-el-exito-de-primera-experiencia-profesional\/#primaryimage"},"image":{"@id":"https:\/\/pinardi.com\/pep\/project\/festipep-x-tu-futuro-celebra-el-exito-de-primera-experiencia-profesional\/#primaryimage"},"thumbnailUrl":"https:\/\/pinardi.com\/pep\/wp-content\/uploads\/2023\/10\/FestiPEP-X-Tu-Futuro.png","datePublished":"2023-10-25T14:35:53+00:00","dateModified":"2023-10-26T08:19:17+00:00","description":"Nota de prensa: FestiPEP X Tu Futuro celebra el \u00e9xito de Primera Experiencia Profesional reuniendo a m\u00e1s de 330 personas.","breadcrumb":{"@id":"https:\/\/pinardi.com\/pep\/project\/festipep-x-tu-futuro-celebra-el-exito-de-primera-experiencia-profesional\/#breadcrumb"},"inLanguage":"es","potentialAction":[{"@type":"ReadAction","target":["https:\/\/pinardi.com\/pep\/project\/festipep-x-tu-futuro-celebra-el-exito-de-primera-experiencia-profesional\/"]}]},{"@type":"ImageObject","inLanguage":"es","@id":"https:\/\/pinardi.com\/pep\/project\/festipep-x-tu-futuro-celebra-el-exito-de-primera-experiencia-profesional\/#primaryimage","url":"https:\/\/pinardi.com\/pep\/wp-content\/uploads\/2023\/10\/FestiPEP-X-Tu-Futuro.png","contentUrl":"https:\/\/pinardi.com\/pep\/wp-content\/uploads\/2023\/10\/FestiPEP-X-Tu-Futuro.png","width":1920,"height":1080,"caption":"Foto de grupo de FestiPEP X Tu Futuro"},{"@type":"BreadcrumbList","@id":"https:\/\/pinardi.com\/pep\/project\/festipep-x-tu-futuro-celebra-el-exito-de-primera-experiencia-profesional\/#breadcrumb","itemListElement":[{"@type":"ListItem","position":1,"name":"Portada","item":"https:\/\/pinardi.com\/pep\/"},{"@type":"ListItem","position":2,"name":"Proyectos","item":"https:\/\/pinardi.com\/pep\/project\/"},{"@type":"ListItem","position":3,"name":"FestiPEP X Tu Futuro celebra el \u00e9xito de Primera Experiencia Profesional"}]},{"@type":"WebSite","@id":"https:\/\/pinardi.com\/pep\/#website","url":"https:\/\/pinardi.com\/pep\/","name":"Primera Experiencia Profesional","description":"Proyecto para la empleabilidad juvenil","publisher":{"@id":"https:\/\/pinardi.com\/pep\/#organization"},"alternateName":"PEP","potentialAction":[{"@type":"SearchAction","target":{"@type":"EntryPoint","urlTemplate":"https:\/\/pinardi.com\/pep\/?s={search_term_string}"},"query-input":{"@type":"PropertyValueSpecification","valueRequired":true,"valueName":"search_term_string"}}],"inLanguage":"es"},{"@type":"Organization","@id":"https:\/\/pinardi.com\/pep\/#organization","name":"Primera Experiencia Profesional, un proyecto de Pinardi","url":"https:\/\/pinardi.com\/pep\/","logo":{"@type":"ImageObject","inLanguage":"es","@id":"https:\/\/pinardi.com\/pep\/#\/schema\/logo\/image\/","url":"https:\/\/pinardi.com\/pep\/wp-content\/uploads\/2022\/10\/pep-22-completo-vertical-01.png","contentUrl":"https:\/\/pinardi.com\/pep\/wp-content\/uploads\/2022\/10\/pep-22-completo-vertical-01.png","width":3508,"height":2480,"caption":"Primera Experiencia Profesional, un proyecto de Pinardi"},"image":{"@id":"https:\/\/pinardi.com\/pep\/#\/schema\/logo\/image\/"},"sameAs":["https:\/\/www.tiktok.com\/@pep_pinardi","https:\/\/www.instagram.com\/pep_pinardi\/"]}]}},"_links":{"self":[{"href":"https:\/\/pinardi.com\/pep\/wp-json\/wp\/v2\/project\/1628","targetHints":{"allow":["GET"]}}],"collection":[{"href":"https:\/\/pinardi.com\/pep\/wp-json\/wp\/v2\/project"}],"about":[{"href":"https:\/\/pinardi.com\/pep\/wp-json\/wp\/v2\/types\/project"}],"author":[{"embeddable":true,"href":"https:\/\/pinardi.com\/pep\/wp-json\/wp\/v2\/users\/2"}],"replies":[{"embeddable":true,"href":"https:\/\/pinardi.com\/pep\/wp-json\/wp\/v2\/comments?post=1628"}],"version-history":[{"count":13,"href":"https:\/\/pinardi.com\/pep\/wp-json\/wp\/v2\/project\/1628\/revisions"}],"predecessor-version":[{"id":1886,"href":"https:\/\/pinardi.com\/pep\/wp-json\/wp\/v2\/project\/1628\/revisions\/1886"}],"wp:featuredmedia":[{"embeddable":true,"href":"https:\/\/pinardi.com\/pep\/wp-json\/wp\/v2\/media\/1629"}],"wp:attachment":[{"href":"https:\/\/pinardi.com\/pep\/wp-json\/wp\/v2\/media?parent=1628"}],"wp:term":[{"taxonomy":"project_category","embeddable":true,"href":"https:\/\/pinardi.com\/pep\/wp-json\/wp\/v2\/project_category?post=1628"},{"taxonomy":"project_tag","embeddable":true,"href":"https:\/\/pinardi.com\/pep\/wp-json\/wp\/v2\/project_tag?post=1628"}],"curies":[{"name":"wp","href":"https:\/\/api.w.org\/{rel}","templated":true}]}}