{"id":1539,"date":"2023-06-29T10:05:08","date_gmt":"2023-06-29T10:05:08","guid":{"rendered":"https:\/\/pinardi.com\/pep\/?post_type=project&#038;p=1539"},"modified":"2023-06-29T10:05:08","modified_gmt":"2023-06-29T10:05:08","slug":"participantes-pep-reciben-jovenes-de-pinardi-parque-atracciones-madrid","status":"publish","type":"project","link":"https:\/\/pinardi.com\/pep\/project\/participantes-pep-reciben-jovenes-de-pinardi-parque-atracciones-madrid\/","title":{"rendered":"Exparticipantes de PEP reciben a j\u00f3venes de Pinardi en su visita al Parque de Atracciones de Madrid"},"content":{"rendered":"<p>[et_pb_section fb_built=\u00bb1&#8243; _builder_version=\u00bb4.20.1&#8243; _module_preset=\u00bbdefault\u00bb global_colors_info=\u00bb{}\u00bb][et_pb_row _builder_version=\u00bb4.20.1&#8243; _module_preset=\u00bbdefault\u00bb custom_padding=\u00bb||10px||false|false\u00bb locked=\u00bboff\u00bb global_colors_info=\u00bb{}\u00bb][et_pb_column type=\u00bb4_4&#8243; _builder_version=\u00bb4.20.1&#8243; _module_preset=\u00bbdefault\u00bb global_colors_info=\u00bb{}\u00bb][et_pb_post_title author=\u00bboff\u00bb date_format=\u00bbj %92d%92e F %92d%92e Y\u00bb comments=\u00bboff\u00bb featured_image=\u00bboff\u00bb _builder_version=\u00bb4.20.1&#8243; _module_preset=\u00bbdefault\u00bb global_colors_info=\u00bb{}\u00bb][\/et_pb_post_title][et_pb_text admin_label=\u00bbetiqueta\u00bb _builder_version=\u00bb4.20.1&#8243; _module_preset=\u00bbdefault\u00bb text_font=\u00bb|700||on|||||\u00bb text_text_color=\u00bb#3A4A57&#8243; background_color=\u00bb#DADCDE\u00bb transform_scale_linked=\u00bboff\u00bb text_orientation=\u00bbcenter\u00bb custom_padding=\u00bb2px|10px|2px|10px|true|true\u00bb custom_css_main_element=\u00bbwidth:180px;\u00bb border_radii=\u00bbon|8px|8px|8px|8px\u00bb global_colors_info=\u00bb{}\u00bb]<\/p>\n<p>Nota de prensa<\/p>\n<p>[\/et_pb_text][et_pb_image src=\u00bbhttps:\/\/pinardi.com\/pep\/wp-content\/uploads\/2023\/06\/Pinardi-en-Parque-de-Atracciones.jpg\u00bb alt=\u00bbFoto de grupo de los participantes del primer FestiPEP\u00bb title_text=\u00bbPinardi en Parque de Atracciones\u00bb _builder_version=\u00bb4.20.2&#8243; _module_preset=\u00bbdefault\u00bb hover_enabled=\u00bb0&#8243; global_colors_info=\u00bb{}\u00bb sticky_enabled=\u00bb0&#8243;][\/et_pb_image][et_pb_text admin_label=\u00bbtitulares | ideas clave\u00bb _builder_version=\u00bb4.20.2&#8243; _module_preset=\u00bbdefault\u00bb global_colors_info=\u00bb{}\u00bb]<\/p>\n<ul>\n<li>Casi 800 personas menores y j\u00f3venes y 130 educadores de los proyectos de Pinardi disfrutaron de una visita al Parque de Atracciones de Madrid, donde fueron recibidos por compa\u00f1eros que participaron en Primera Experiencia Profesional.<\/li>\n<li>La colaboraci\u00f3n entre Parques Reunidos y Pinardi ha permitido la integraci\u00f3n laboral de 140 participantes del proyecto Primera Experiencia Profesional durante ocho a\u00f1os de colaboraci\u00f3n. <\/li>\n<\/ul>\n<p>[\/et_pb_text][et_pb_text admin_label=\u00bbNota de prensa\u00bb _builder_version=\u00bb4.20.2&#8243; _module_preset=\u00bbdefault\u00bb hover_enabled=\u00bb0&#8243; global_colors_info=\u00bb{}\u00bb sticky_enabled=\u00bb0&#8243;]<\/p>\n<p><strong>Madrid, 29 de junio de 2023<\/strong><\/p>\n<p><span>El 28 de junio, <strong>cerca de 800 personas menores y j\u00f3venes participantes de los proyectos de Pinardi han visitado el Parque de Atracciones de Madrid<\/strong>, donde han sido recibidos por compa\u00f1eros que participaron previamente en el proyecto Primera Experiencia Profesional y que ahora forman parte del equipo de empleados del Parque de Atracciones. Un ejemplo inspirador para los participantes m\u00e1s j\u00f3venes, que ven en sus compa\u00f1eros un modelo de integraci\u00f3n laboral y social exitosa. <\/span><\/p>\n<p><span>La colaboraci\u00f3n entre <a href=\"https:\/\/www.pinardi.com\/\">Pinardi<\/a> y <a href=\"https:\/\/www.parquesreunidos.com\/\">Parques Reunidos<\/a> lleva m\u00e1s de ocho a\u00f1os promoviendo la empleabilidad juvenil. A d\u00eda de hoy, <strong>140 j\u00f3venes han tenido la oportunidad de formarse y lograr su primer empleo en el Parque de Atracciones de Madrid<\/strong>. Por ello, Parque de Atracciones de Madrid es aliado estrat\u00e9gico de Pinardi en el desarrollo del programa de Primera Experiencia Profesional para la mejora de la empleabilidad y el retorno educativo. <\/span><\/p>\n<p>La visita anual al Parque de Atracciones de Madrid por parte de Pinardi se realiza desde 2014, convirti\u00e9ndose en una tradici\u00f3n para la entidad. Durante los \u00faltimos a\u00f1os, <span>las precauciones por la COVID-19 obligaron a asistir en diferentes d\u00edas, pero este a\u00f1o se ha vuelto a realizar en una misma jornada, reuniendo a casi 800 personas menores y j\u00f3venes, junto a 130 educadores, integrantes de los proyectos de Pinardi en la Comunidad de Madrid y Castilla La Mancha. J\u00f3venes que participan en los programas de Atenci\u00f3n Socioeducativa para el \u00e9xito escolar, del programa de Formaci\u00f3n y Empleo de la entidad y los menores y j\u00f3venes de los pisos de acogida y emancipaci\u00f3n, y los j\u00f3venes.<\/span><\/p>\n<p><span>Esta visita anual al Parque de Atracciones de Madrid es el broche final de un curso en el que los participantes han trabajado para alcanzar el \u00e9xito en sus estudios, formaci\u00f3n e integraci\u00f3n en la sociedad. Para ellos, esta visita representa una celebraci\u00f3n y una oportunidad de disfrutar de un ocio saludable durante el verano. Adem\u00e1s, durante los \u00faltimos a\u00f1os, <\/span><\/p>\n<p><span>Parques de Atracciones de Madrid y Pinardi se enorgullecen de ofrecer estas experiencias de ocio y diversi\u00f3n, que complementan su labor de atenci\u00f3n social y educativa, brindando a los j\u00f3venes la oportunidad de crear recuerdos positivos y fortalecer sus lazos de amistad y aprendizaje.<\/span><\/p>\n<p>&nbsp;<\/p>\n<p>[\/et_pb_text][et_pb_button button_url=\u00bbhttps:\/\/pinardi.com\/pep\/wp-content\/uploads\/2023\/06\/2023-06-29-NdP-Participantes-PEP-reciben-a-jovenes-de-Pinardi-en-el-Parque-de-Atracciones-de-Madrid.pdf\u00bb url_new_window=\u00bbon\u00bb button_text=\u00bbDescargar nota de prensa\u00bb button_alignment=\u00bbcenter\u00bb admin_label=\u00bbBot\u00f3n descargar NdP\u00bb _builder_version=\u00bb4.20.2&#8243; _module_preset=\u00bbdefault\u00bb custom_button=\u00bbon\u00bb button_icon=\u00bb&#xf15b;||fa||400&#8243; hover_enabled=\u00bb0&#8243; global_colors_info=\u00bb{}\u00bb sticky_enabled=\u00bb0&#8243;][\/et_pb_button][\/et_pb_column][\/et_pb_row][\/et_pb_section][et_pb_section fb_built=\u00bb1&#8243; _builder_version=\u00bb4.20.1&#8243; _module_preset=\u00bbdefault\u00bb custom_padding=\u00bb0px||||false|false\u00bb locked=\u00bboff\u00bb global_colors_info=\u00bb{}\u00bb][et_pb_row _builder_version=\u00bb4.20.1&#8243; _module_preset=\u00bbdefault\u00bb custom_margin=\u00bb0px||0px||true|false\u00bb global_colors_info=\u00bb{}\u00bb][et_pb_column type=\u00bb4_4&#8243; _builder_version=\u00bb4.20.1&#8243; _module_preset=\u00bbdefault\u00bb global_colors_info=\u00bb{}\u00bb][et_pb_divider color=\u00bb#DC001B\u00bb divider_weight=\u00bb3px\u00bb _builder_version=\u00bb4.20.1&#8243; _module_preset=\u00bbdefault\u00bb global_colors_info=\u00bb{}\u00bb][\/et_pb_divider][et_pb_text admin_label=\u00bbInfo\u00bb _builder_version=\u00bb4.20.1&#8243; _module_preset=\u00bbdefault\u00bb global_colors_info=\u00bb{}\u00bb]<\/p>\n<h4>Acerca de Primera Experiencia Profesional<\/h4>\n<p><span><a href=\"https:\/\/pinardi.com\/pep\/\">Primera Experiencia Profesional<\/a> es un proyecto de Pinardi y la Comunidad de Madrid<\/span><em>para la mejora de la empleabilidad juvenil y el retorno educativo que est\u00e1 <\/em>\ufb01nanciado por el Ministerio de Inclusi\u00f3n, Seguridad Social y Migraciones, Uni\u00f3n Europea-Next Generation a trav\u00e9s del Plan de Recuperaci\u00f3n, Transformaci\u00f3n y Resiliencia<\/p>\n<p><strong>Pinardi <\/strong>es una entidad social que tiene como \ufb01nalidad la promoci\u00f3n integral de los j\u00f3venes en situaci\u00f3n de vulnerabilidad y su formaci\u00f3n para el empleo. <strong>Pinardi <\/strong>es una de las entidades que conforman <strong>BoscoSocial <\/strong>o lo que es lo mismo, el conjunto de las Obras Sociales de <strong>Salesianos Santiago el Mayor.<\/strong><\/p>\n<p>La <strong>Comunidad de Madrid <\/strong>entiende y atiende las necesidades espec\u00ed\ufb01cas de aquellos j\u00f3venes que necesitan para su realizaci\u00f3n personal y profesional un itinerario no reglado, singular. Porque creemos que la mejor ayuda\/oportunidad que podemos proporcionar a cada persona es la madurez y la autonom\u00eda social y econ\u00f3mica, impulsamos esta iniciativa innovadora dentro del compromiso y esfuerzo colectivo por la inclusi\u00f3n.<\/p>\n<p>[\/et_pb_text][\/et_pb_column][\/et_pb_row][et_pb_row column_structure=\u00bb1_3,2_3&#8243; make_equal=\u00bbon\u00bb _builder_version=\u00bb4.20.1&#8243; _module_preset=\u00bbdefault\u00bb custom_padding=\u00bb||5px||false|false\u00bb custom_css_main_element=\u00bbalign-items: center;\u00bb global_colors_info=\u00bb{}\u00bb][et_pb_column type=\u00bb1_3&#8243; _builder_version=\u00bb4.20.1&#8243; _module_preset=\u00bbdefault\u00bb global_colors_info=\u00bb{}\u00bb][et_pb_icon font_icon=\u00bb&#xf2b6;||fa||400&#8243; icon_width=\u00bb40px\u00bb _builder_version=\u00bb4.20.1&#8243; _module_preset=\u00bbdefault\u00bb global_colors_info=\u00bb{}\u00bb][\/et_pb_icon][\/et_pb_column][et_pb_column type=\u00bb2_3&#8243; admin_label=\u00bbContacto prensa\u00bb _builder_version=\u00bb4.20.1&#8243; _module_preset=\u00bbdefault\u00bb background_color=\u00bbrgba(218,220,222,0.37)\u00bb custom_padding=\u00bb15px|15px|15px|15px|true|true\u00bb global_colors_info=\u00bb{}\u00bb][et_pb_text _builder_version=\u00bb4.20.1&#8243; _module_preset=\u00bbdefault\u00bb global_colors_info=\u00bb{}\u00bb]<\/p>\n<h6>M\u00e1s informaci\u00f3n:<\/h6>\n<p><strong>Jota Llorente<\/strong><br \/>Comunicaci\u00f3n Primera Experiencia Profesional<br \/>jllorente@pinardi.com<\/p>\n<p>[\/et_pb_text][\/et_pb_column][\/et_pb_row][et_pb_row _builder_version=\u00bb4.20.1&#8243; _module_preset=\u00bbdefault\u00bb global_colors_info=\u00bb{}\u00bb][et_pb_column type=\u00bb4_4&#8243; _builder_version=\u00bb4.20.1&#8243; _module_preset=\u00bbdefault\u00bb global_colors_info=\u00bb{}\u00bb][et_pb_divider color=\u00bb#DC001B\u00bb divider_weight=\u00bb3px\u00bb _builder_version=\u00bb4.20.1&#8243; _module_preset=\u00bbdefault\u00bb global_colors_info=\u00bb{}\u00bb][\/et_pb_divider][et_pb_text _builder_version=\u00bb4.20.1&#8243; _module_preset=\u00bbdefault\u00bb global_colors_info=\u00bb{}\u00bb]<\/p>\n<p style=\"text-align: center;\"><a href=\"https:\/\/pinardi.com\/pep\/lo-que-hacemos\/sala-de-prensa\/\">Volver a la sala de prensa<\/a><\/p>\n<p>[\/et_pb_text][\/et_pb_column][\/et_pb_row][\/et_pb_section]<\/p>\n","protected":false},"excerpt":{"rendered":"<p>Nota de prensa: Pinardi y Alsea entregan diplomas de Primera Experiencia Profesional <\/p>\n","protected":false},"author":2,"featured_media":1417,"comment_status":"open","ping_status":"closed","template":"","meta":{"_et_pb_use_builder":"on","_et_pb_old_content":"","_et_gb_content_width":"","footnotes":""},"project_category":[16],"project_tag":[],"class_list":["post-1539","project","type-project","status-publish","has-post-thumbnail","hentry","project_category-nota-de-prensa"],"yoast_head":"<!-- This site is optimized with the Yoast SEO plugin v27.5 - https:\/\/yoast.com\/product\/yoast-seo-wordpress\/ -->\n<title>Exparticipantes de PEP reciben a j\u00f3venes de Pinardi en su visita al Parque de Atracciones de Madrid | Primera Experiencia Profesional<\/title>\n<meta name=\"description\" content=\"Nota de prensa: Pinardi y Alsea entregan diplomas de Primera Experiencia Profesional, con un 50 % de contratos de trabajo firmados tras la formaci\u00f3n.\" \/>\n<meta name=\"robots\" content=\"noindex, follow\" \/>\n<meta property=\"og:locale\" content=\"es_ES\" \/>\n<meta property=\"og:type\" content=\"article\" \/>\n<meta property=\"og:title\" content=\"Exparticipantes de PEP reciben a j\u00f3venes de Pinardi en su visita al Parque de Atracciones de Madrid | Primera Experiencia Profesional\" \/>\n<meta property=\"og:description\" content=\"Nota de prensa: Pinardi y Alsea entregan diplomas de Primera Experiencia Profesional, con un 50 % de contratos de trabajo firmados tras la formaci\u00f3n.\" \/>\n<meta property=\"og:url\" content=\"https:\/\/pinardi.com\/pep\/project\/participantes-pep-reciben-jovenes-de-pinardi-parque-atracciones-madrid\/\" \/>\n<meta property=\"og:site_name\" content=\"Primera Experiencia Profesional\" \/>\n<meta property=\"og:image\" content=\"https:\/\/pinardi.com\/pep\/wp-content\/uploads\/2023\/06\/Jovenes-Primera-Experiencia-Profesional-en-Alsea.jpg\" \/>\n\t<meta property=\"og:image:width\" content=\"1920\" \/>\n\t<meta property=\"og:image:height\" content=\"1080\" \/>\n\t<meta property=\"og:image:type\" content=\"image\/jpeg\" \/>\n<meta name=\"twitter:card\" content=\"summary_large_image\" \/>\n<meta name=\"twitter:label1\" content=\"Tiempo de lectura\" \/>\n\t<meta name=\"twitter:data1\" content=\"6 minutos\" \/>\n<script type=\"application\/ld+json\" class=\"yoast-schema-graph\">{\"@context\":\"https:\\\/\\\/schema.org\",\"@graph\":[{\"@type\":\"WebPage\",\"@id\":\"https:\\\/\\\/pinardi.com\\\/pep\\\/project\\\/participantes-pep-reciben-jovenes-de-pinardi-parque-atracciones-madrid\\\/\",\"url\":\"https:\\\/\\\/pinardi.com\\\/pep\\\/project\\\/participantes-pep-reciben-jovenes-de-pinardi-parque-atracciones-madrid\\\/\",\"name\":\"Exparticipantes de PEP reciben a j\u00f3venes de Pinardi en su visita al Parque de Atracciones de Madrid | Primera Experiencia Profesional\",\"isPartOf\":{\"@id\":\"https:\\\/\\\/pinardi.com\\\/pep\\\/#website\"},\"primaryImageOfPage\":{\"@id\":\"https:\\\/\\\/pinardi.com\\\/pep\\\/project\\\/participantes-pep-reciben-jovenes-de-pinardi-parque-atracciones-madrid\\\/#primaryimage\"},\"image\":{\"@id\":\"https:\\\/\\\/pinardi.com\\\/pep\\\/project\\\/participantes-pep-reciben-jovenes-de-pinardi-parque-atracciones-madrid\\\/#primaryimage\"},\"thumbnailUrl\":\"https:\\\/\\\/pinardi.com\\\/pep\\\/wp-content\\\/uploads\\\/2023\\\/06\\\/Jovenes-Primera-Experiencia-Profesional-en-Alsea.jpg\",\"datePublished\":\"2023-06-29T10:05:08+00:00\",\"description\":\"Nota de prensa: Pinardi y Alsea entregan diplomas de Primera Experiencia Profesional, con un 50 % de contratos de trabajo firmados tras la formaci\u00f3n.\",\"breadcrumb\":{\"@id\":\"https:\\\/\\\/pinardi.com\\\/pep\\\/project\\\/participantes-pep-reciben-jovenes-de-pinardi-parque-atracciones-madrid\\\/#breadcrumb\"},\"inLanguage\":\"es\",\"potentialAction\":[{\"@type\":\"ReadAction\",\"target\":[\"https:\\\/\\\/pinardi.com\\\/pep\\\/project\\\/participantes-pep-reciben-jovenes-de-pinardi-parque-atracciones-madrid\\\/\"]}]},{\"@type\":\"ImageObject\",\"inLanguage\":\"es\",\"@id\":\"https:\\\/\\\/pinardi.com\\\/pep\\\/project\\\/participantes-pep-reciben-jovenes-de-pinardi-parque-atracciones-madrid\\\/#primaryimage\",\"url\":\"https:\\\/\\\/pinardi.com\\\/pep\\\/wp-content\\\/uploads\\\/2023\\\/06\\\/Jovenes-Primera-Experiencia-Profesional-en-Alsea.jpg\",\"contentUrl\":\"https:\\\/\\\/pinardi.com\\\/pep\\\/wp-content\\\/uploads\\\/2023\\\/06\\\/Jovenes-Primera-Experiencia-Profesional-en-Alsea.jpg\",\"width\":1920,\"height\":1080},{\"@type\":\"BreadcrumbList\",\"@id\":\"https:\\\/\\\/pinardi.com\\\/pep\\\/project\\\/participantes-pep-reciben-jovenes-de-pinardi-parque-atracciones-madrid\\\/#breadcrumb\",\"itemListElement\":[{\"@type\":\"ListItem\",\"position\":1,\"name\":\"Portada\",\"item\":\"https:\\\/\\\/pinardi.com\\\/pep\\\/\"},{\"@type\":\"ListItem\",\"position\":2,\"name\":\"Proyectos\",\"item\":\"https:\\\/\\\/pinardi.com\\\/pep\\\/project\\\/\"},{\"@type\":\"ListItem\",\"position\":3,\"name\":\"Exparticipantes de PEP reciben a j\u00f3venes de Pinardi en su visita al Parque de Atracciones de Madrid\"}]},{\"@type\":\"WebSite\",\"@id\":\"https:\\\/\\\/pinardi.com\\\/pep\\\/#website\",\"url\":\"https:\\\/\\\/pinardi.com\\\/pep\\\/\",\"name\":\"Primera Experiencia Profesional\",\"description\":\"Proyecto para la empleabilidad juvenil\",\"publisher\":{\"@id\":\"https:\\\/\\\/pinardi.com\\\/pep\\\/#organization\"},\"alternateName\":\"PEP\",\"potentialAction\":[{\"@type\":\"SearchAction\",\"target\":{\"@type\":\"EntryPoint\",\"urlTemplate\":\"https:\\\/\\\/pinardi.com\\\/pep\\\/?s={search_term_string}\"},\"query-input\":{\"@type\":\"PropertyValueSpecification\",\"valueRequired\":true,\"valueName\":\"search_term_string\"}}],\"inLanguage\":\"es\"},{\"@type\":\"Organization\",\"@id\":\"https:\\\/\\\/pinardi.com\\\/pep\\\/#organization\",\"name\":\"Primera Experiencia Profesional, un proyecto de Pinardi\",\"url\":\"https:\\\/\\\/pinardi.com\\\/pep\\\/\",\"logo\":{\"@type\":\"ImageObject\",\"inLanguage\":\"es\",\"@id\":\"https:\\\/\\\/pinardi.com\\\/pep\\\/#\\\/schema\\\/logo\\\/image\\\/\",\"url\":\"https:\\\/\\\/pinardi.com\\\/pep\\\/wp-content\\\/uploads\\\/2022\\\/10\\\/pep-22-completo-vertical-01.png\",\"contentUrl\":\"https:\\\/\\\/pinardi.com\\\/pep\\\/wp-content\\\/uploads\\\/2022\\\/10\\\/pep-22-completo-vertical-01.png\",\"width\":3508,\"height\":2480,\"caption\":\"Primera Experiencia Profesional, un proyecto de Pinardi\"},\"image\":{\"@id\":\"https:\\\/\\\/pinardi.com\\\/pep\\\/#\\\/schema\\\/logo\\\/image\\\/\"},\"sameAs\":[\"https:\\\/\\\/www.tiktok.com\\\/@pep_pinardi\",\"https:\\\/\\\/www.instagram.com\\\/pep_pinardi\\\/\"]}]}<\/script>\n<!-- \/ Yoast SEO plugin. -->","yoast_head_json":{"title":"Exparticipantes de PEP reciben a j\u00f3venes de Pinardi en su visita al Parque de Atracciones de Madrid | Primera Experiencia Profesional","description":"Nota de prensa: Pinardi y Alsea entregan diplomas de Primera Experiencia Profesional, con un 50 % de contratos de trabajo firmados tras la formaci\u00f3n.","robots":{"index":"noindex","follow":"follow"},"og_locale":"es_ES","og_type":"article","og_title":"Exparticipantes de PEP reciben a j\u00f3venes de Pinardi en su visita al Parque de Atracciones de Madrid | Primera Experiencia Profesional","og_description":"Nota de prensa: Pinardi y Alsea entregan diplomas de Primera Experiencia Profesional, con un 50 % de contratos de trabajo firmados tras la formaci\u00f3n.","og_url":"https:\/\/pinardi.com\/pep\/project\/participantes-pep-reciben-jovenes-de-pinardi-parque-atracciones-madrid\/","og_site_name":"Primera Experiencia Profesional","og_image":[{"width":1920,"height":1080,"url":"https:\/\/pinardi.com\/pep\/wp-content\/uploads\/2023\/06\/Jovenes-Primera-Experiencia-Profesional-en-Alsea.jpg","type":"image\/jpeg"}],"twitter_card":"summary_large_image","twitter_misc":{"Tiempo de lectura":"6 minutos"},"schema":{"@context":"https:\/\/schema.org","@graph":[{"@type":"WebPage","@id":"https:\/\/pinardi.com\/pep\/project\/participantes-pep-reciben-jovenes-de-pinardi-parque-atracciones-madrid\/","url":"https:\/\/pinardi.com\/pep\/project\/participantes-pep-reciben-jovenes-de-pinardi-parque-atracciones-madrid\/","name":"Exparticipantes de PEP reciben a j\u00f3venes de Pinardi en su visita al Parque de Atracciones de Madrid | Primera Experiencia Profesional","isPartOf":{"@id":"https:\/\/pinardi.com\/pep\/#website"},"primaryImageOfPage":{"@id":"https:\/\/pinardi.com\/pep\/project\/participantes-pep-reciben-jovenes-de-pinardi-parque-atracciones-madrid\/#primaryimage"},"image":{"@id":"https:\/\/pinardi.com\/pep\/project\/participantes-pep-reciben-jovenes-de-pinardi-parque-atracciones-madrid\/#primaryimage"},"thumbnailUrl":"https:\/\/pinardi.com\/pep\/wp-content\/uploads\/2023\/06\/Jovenes-Primera-Experiencia-Profesional-en-Alsea.jpg","datePublished":"2023-06-29T10:05:08+00:00","description":"Nota de prensa: Pinardi y Alsea entregan diplomas de Primera Experiencia Profesional, con un 50 % de contratos de trabajo firmados tras la formaci\u00f3n.","breadcrumb":{"@id":"https:\/\/pinardi.com\/pep\/project\/participantes-pep-reciben-jovenes-de-pinardi-parque-atracciones-madrid\/#breadcrumb"},"inLanguage":"es","potentialAction":[{"@type":"ReadAction","target":["https:\/\/pinardi.com\/pep\/project\/participantes-pep-reciben-jovenes-de-pinardi-parque-atracciones-madrid\/"]}]},{"@type":"ImageObject","inLanguage":"es","@id":"https:\/\/pinardi.com\/pep\/project\/participantes-pep-reciben-jovenes-de-pinardi-parque-atracciones-madrid\/#primaryimage","url":"https:\/\/pinardi.com\/pep\/wp-content\/uploads\/2023\/06\/Jovenes-Primera-Experiencia-Profesional-en-Alsea.jpg","contentUrl":"https:\/\/pinardi.com\/pep\/wp-content\/uploads\/2023\/06\/Jovenes-Primera-Experiencia-Profesional-en-Alsea.jpg","width":1920,"height":1080},{"@type":"BreadcrumbList","@id":"https:\/\/pinardi.com\/pep\/project\/participantes-pep-reciben-jovenes-de-pinardi-parque-atracciones-madrid\/#breadcrumb","itemListElement":[{"@type":"ListItem","position":1,"name":"Portada","item":"https:\/\/pinardi.com\/pep\/"},{"@type":"ListItem","position":2,"name":"Proyectos","item":"https:\/\/pinardi.com\/pep\/project\/"},{"@type":"ListItem","position":3,"name":"Exparticipantes de PEP reciben a j\u00f3venes de Pinardi en su visita al Parque de Atracciones de Madrid"}]},{"@type":"WebSite","@id":"https:\/\/pinardi.com\/pep\/#website","url":"https:\/\/pinardi.com\/pep\/","name":"Primera Experiencia Profesional","description":"Proyecto para la empleabilidad juvenil","publisher":{"@id":"https:\/\/pinardi.com\/pep\/#organization"},"alternateName":"PEP","potentialAction":[{"@type":"SearchAction","target":{"@type":"EntryPoint","urlTemplate":"https:\/\/pinardi.com\/pep\/?s={search_term_string}"},"query-input":{"@type":"PropertyValueSpecification","valueRequired":true,"valueName":"search_term_string"}}],"inLanguage":"es"},{"@type":"Organization","@id":"https:\/\/pinardi.com\/pep\/#organization","name":"Primera Experiencia Profesional, un proyecto de Pinardi","url":"https:\/\/pinardi.com\/pep\/","logo":{"@type":"ImageObject","inLanguage":"es","@id":"https:\/\/pinardi.com\/pep\/#\/schema\/logo\/image\/","url":"https:\/\/pinardi.com\/pep\/wp-content\/uploads\/2022\/10\/pep-22-completo-vertical-01.png","contentUrl":"https:\/\/pinardi.com\/pep\/wp-content\/uploads\/2022\/10\/pep-22-completo-vertical-01.png","width":3508,"height":2480,"caption":"Primera Experiencia Profesional, un proyecto de Pinardi"},"image":{"@id":"https:\/\/pinardi.com\/pep\/#\/schema\/logo\/image\/"},"sameAs":["https:\/\/www.tiktok.com\/@pep_pinardi","https:\/\/www.instagram.com\/pep_pinardi\/"]}]}},"_links":{"self":[{"href":"https:\/\/pinardi.com\/pep\/wp-json\/wp\/v2\/project\/1539","targetHints":{"allow":["GET"]}}],"collection":[{"href":"https:\/\/pinardi.com\/pep\/wp-json\/wp\/v2\/project"}],"about":[{"href":"https:\/\/pinardi.com\/pep\/wp-json\/wp\/v2\/types\/project"}],"author":[{"embeddable":true,"href":"https:\/\/pinardi.com\/pep\/wp-json\/wp\/v2\/users\/2"}],"replies":[{"embeddable":true,"href":"https:\/\/pinardi.com\/pep\/wp-json\/wp\/v2\/comments?post=1539"}],"version-history":[{"count":3,"href":"https:\/\/pinardi.com\/pep\/wp-json\/wp\/v2\/project\/1539\/revisions"}],"predecessor-version":[{"id":1542,"href":"https:\/\/pinardi.com\/pep\/wp-json\/wp\/v2\/project\/1539\/revisions\/1542"}],"wp:featuredmedia":[{"embeddable":true,"href":"https:\/\/pinardi.com\/pep\/wp-json\/wp\/v2\/media\/1417"}],"wp:attachment":[{"href":"https:\/\/pinardi.com\/pep\/wp-json\/wp\/v2\/media?parent=1539"}],"wp:term":[{"taxonomy":"project_category","embeddable":true,"href":"https:\/\/pinardi.com\/pep\/wp-json\/wp\/v2\/project_category?post=1539"},{"taxonomy":"project_tag","embeddable":true,"href":"https:\/\/pinardi.com\/pep\/wp-json\/wp\/v2\/project_tag?post=1539"}],"curies":[{"name":"wp","href":"https:\/\/api.w.org\/{rel}","templated":true}]}}