{"id":1419,"date":"2023-06-27T17:45:29","date_gmt":"2023-06-27T17:45:29","guid":{"rendered":"https:\/\/pinardi.com\/pep\/?post_type=project&#038;p=1419"},"modified":"2023-06-28T07:45:46","modified_gmt":"2023-06-28T07:45:46","slug":"pinardi-y-alsea-entregan-diplomas-de-primera-experiencia-profesional","status":"publish","type":"project","link":"https:\/\/pinardi.com\/pep\/project\/pinardi-y-alsea-entregan-diplomas-de-primera-experiencia-profesional\/","title":{"rendered":"Pinardi y Alsea entregan diplomas de Primera Experiencia Profesional"},"content":{"rendered":"<p>[et_pb_section fb_built=\u00bb1&#8243; _builder_version=\u00bb4.20.1&#8243; _module_preset=\u00bbdefault\u00bb global_colors_info=\u00bb{}\u00bb][et_pb_row _builder_version=\u00bb4.20.1&#8243; _module_preset=\u00bbdefault\u00bb custom_padding=\u00bb||10px||false|false\u00bb locked=\u00bboff\u00bb global_colors_info=\u00bb{}\u00bb][et_pb_column type=\u00bb4_4&#8243; _builder_version=\u00bb4.20.1&#8243; _module_preset=\u00bbdefault\u00bb global_colors_info=\u00bb{}\u00bb][et_pb_post_title author=\u00bboff\u00bb date_format=\u00bbj %92d%92e F %92d%92e Y\u00bb comments=\u00bboff\u00bb featured_image=\u00bboff\u00bb _builder_version=\u00bb4.20.1&#8243; _module_preset=\u00bbdefault\u00bb global_colors_info=\u00bb{}\u00bb][\/et_pb_post_title][et_pb_text admin_label=\u00bbetiqueta\u00bb _builder_version=\u00bb4.20.1&#8243; _module_preset=\u00bbdefault\u00bb text_font=\u00bb|700||on|||||\u00bb text_text_color=\u00bb#3A4A57&#8243; background_color=\u00bb#DADCDE\u00bb transform_scale_linked=\u00bboff\u00bb text_orientation=\u00bbcenter\u00bb custom_padding=\u00bb2px|10px|2px|10px|true|true\u00bb custom_css_main_element=\u00bbwidth:180px;\u00bb border_radii=\u00bbon|8px|8px|8px|8px\u00bb global_colors_info=\u00bb{}\u00bb]<\/p>\n<p>Nota de prensa<\/p>\n<p>[\/et_pb_text][et_pb_image src=\u00bbhttps:\/\/pinardi.com\/pep\/wp-content\/uploads\/2023\/06\/Jovenes-Primera-Experiencia-Profesional-en-Alsea.jpg\u00bb alt=\u00bbFoto de grupo de los participantes del primer FestiPEP\u00bb title_text=\u00bbJovenes Primera Experiencia Profesional en Alsea\u00bb _builder_version=\u00bb4.20.2&#8243; _module_preset=\u00bbdefault\u00bb global_colors_info=\u00bb{}\u00bb][\/et_pb_image][et_pb_text admin_label=\u00bbtitulares | ideas clave\u00bb _builder_version=\u00bb4.20.2&#8243; _module_preset=\u00bbdefault\u00bb global_colors_info=\u00bb{}\u00bb]<\/p>\n<ul>\n<li>43 j\u00f3venes recibieron su diploma de Primera Experiencia Profesional tras completar su formaci\u00f3n pr\u00e1ctica en establecimientos de VIPS, Foster&#8217;s Hollywood y Fridays en la comunidad de Madrid.<\/li>\n<li>Casi el 50% de los participantes han obtenido contratos de trabajo en empresas de Alsea, donde realizaron su formaci\u00f3n, lo que demuestra el \u00e9xito de Primera Experiencia Profesional a la hora de brindar oportunidades laborales.<\/li>\n<li>El proyecto Primera Experiencia Profesional busca romper barreras y ofrecer una formaci\u00f3n inclusiva y orientada al aprendizaje, con el objetivo de dar una segunda oportunidad a j\u00f3venes que necesitan descubrir su vocaci\u00f3n y desarrollar su talento oculto.<\/li>\n<\/ul>\n<p>[\/et_pb_text][et_pb_text admin_label=\u00bbNota de prensa\u00bb _builder_version=\u00bb4.20.2&#8243; _module_preset=\u00bbdefault\u00bb global_colors_info=\u00bb{}\u00bb]<\/p>\n<p><strong>Madrid, 27 de junio de 2023. <\/strong><\/p>\n<p>En un emocionante evento, 43 j\u00f3venes pertenecientes a los ciclos 1 y 2 del proyecto Primera Experiencia Profesional (PEP) recibieron su diploma acreditativo tras meses de formaci\u00f3n en puestos de trabajo reales en establecimientos de VIPS, Foster&#8217;s Hollywood y Fridays en la comunidad de Madrid.<\/p>\n<p>El acto, sencillo pero cargado de emoci\u00f3n, permiti\u00f3 a los tutores-mentores de las empresas participantes presenciar el \u00e9xito de la metodolog\u00eda PEP y ver c\u00f3mo los j\u00f3venes lograron completar con \u00e9xito su formaci\u00f3n. Adem\u00e1s, los tutores-mentores se sintieron recompensados al contribuir con sus conocimientos y experiencia en el desarrollo del talento oculto.<\/p>\n<p>Una de las principales apuestas de PEP es brindar a los j\u00f3venes una formaci\u00f3n amplia en el sector y la posibilidad de acceder a empleo. Casi el 50% de los j\u00f3venes participantes ya han obtenido un contrato de trabajo en las marcas de Alsea, donde realizaron su formaci\u00f3n. El resto cuenta con una gran oportunidad de ser contratados en un futuro pr\u00f3ximo, ya que fueron formados en marcas l\u00edderes en el sector.<\/p>\n<p>El evento cont\u00f3 con la presencia y la bienvenida institucional de Jos\u00e9 Luis Portela, Director General de Alsea Europa, quien ratific\u00f3 el compromiso del grupo de contribuir a la sociedad a trav\u00e9s del conocimiento compartido y la creaci\u00f3n de oportunidades para los j\u00f3venes. Por su parte, Javier Doval, director de Pinardi, agradeci\u00f3 a Alsea su apoyo en la inserci\u00f3n laboral de los j\u00f3venes y a las marcas su implicaci\u00f3n en el logro de despertar la pasi\u00f3n de \u00e9stos por el sector.<\/p>\n<p>El evento ten\u00eda un momento sorpresa, el reconocimiento a los tutores y mentores por su labor voluntaria, con la entrega tambi\u00e9n de un diploma acreditativo y acompa\u00f1ado de un peque\u00f1o detalle, como muestra de agradecimiento. Mar Romero, Directora General de Personas y ASG Alsea Europa y Javier Doval, fueron los encargados de entregar los diplomas de reconocimiento.<\/p>\n<p>En el acto tambi\u00e9n estuvieron presentes los directores de las marcas como Foster\u00b4Hollywood, Fridays y VIPS .<\/p>\n<p>La relaci\u00f3n entre Alsea y Pinardi se remonta a hace m\u00e1s de diez a\u00f1os de proyectos colaborativos con el objetivo com\u00fan de ofrecer una primera oportunidad laboral a j\u00f3venes en situaci\u00f3n de vulnerabilidad. De esta manera desde Alsea y sus marcas, se ha dado apoyo a m\u00e1s de 600 personas.<\/p>\n<p>Desde que Pinardi y la Comunidad de Madrid pusieron en marcha Primera Experiencia Profesional en octubre pasado, 286 j\u00f3venes han iniciado su primera experiencia laboral. Actualmente, cerca de 200 j\u00f3venes contin\u00faan con sus procesos formativos y tendr\u00e1n la oportunidad de descubrir su vocaci\u00f3n a trav\u00e9s de una formaci\u00f3n en entornos laborales reales dentro de empresas.<\/p>\n<p>Primera Experiencia Profesional busca un enfoque inclusivo de la formaci\u00f3n y el aprendizaje, rompiendo las barreras que a menudo existen entre los j\u00f3venes y las empresas, as\u00ed como un compromiso con aquellos j\u00f3venes que en su d\u00eda se quedaron al margen pero que necesitan una segunda oportunidad para formarse, aprender y descubrir su vocaci\u00f3n.<\/p>\n<p>&nbsp;<\/p>\n<p>&nbsp;<\/p>\n<p>[\/et_pb_text][et_pb_button button_url=\u00bbhttps:\/\/pinardi.com\/pep\/wp-content\/uploads\/2023\/06\/2023-06-27-NdP-Pinardi-y-Alsea-entregan-diplomas-de-Primera-Experiencia-Profesional.pdf\u00bb url_new_window=\u00bbon\u00bb button_text=\u00bbDescargar nota de prensa\u00bb button_alignment=\u00bbcenter\u00bb admin_label=\u00bbBot\u00f3n descargar NdP\u00bb _builder_version=\u00bb4.20.2&#8243; _module_preset=\u00bbdefault\u00bb custom_button=\u00bbon\u00bb button_icon=\u00bb&#xf15b;||fa||400&#8243; global_colors_info=\u00bb{}\u00bb][\/et_pb_button][\/et_pb_column][\/et_pb_row][\/et_pb_section][et_pb_section fb_built=\u00bb1&#8243; _builder_version=\u00bb4.20.1&#8243; _module_preset=\u00bbdefault\u00bb custom_padding=\u00bb0px||||false|false\u00bb locked=\u00bboff\u00bb global_colors_info=\u00bb{}\u00bb][et_pb_row _builder_version=\u00bb4.20.1&#8243; _module_preset=\u00bbdefault\u00bb custom_margin=\u00bb0px||0px||true|false\u00bb global_colors_info=\u00bb{}\u00bb][et_pb_column type=\u00bb4_4&#8243; _builder_version=\u00bb4.20.1&#8243; _module_preset=\u00bbdefault\u00bb global_colors_info=\u00bb{}\u00bb][et_pb_divider color=\u00bb#DC001B\u00bb divider_weight=\u00bb3px\u00bb _builder_version=\u00bb4.20.1&#8243; _module_preset=\u00bbdefault\u00bb global_colors_info=\u00bb{}\u00bb][\/et_pb_divider][et_pb_text admin_label=\u00bbInfo\u00bb _builder_version=\u00bb4.20.1&#8243; _module_preset=\u00bbdefault\u00bb global_colors_info=\u00bb{}\u00bb]<\/p>\n<h4>Acerca de Primera Experiencia Profesional<\/h4>\n<p><span><a href=\"https:\/\/pinardi.com\/pep\/\">Primera Experiencia Profesional<\/a> es un proyecto de Pinardi y la Comunidad de Madrid<\/span><em>para la mejora de la empleabilidad juvenil y el retorno educativo que est\u00e1 <\/em>\ufb01nanciado por el Ministerio de Inclusi\u00f3n, Seguridad Social y Migraciones, Uni\u00f3n Europea-Next Generation a trav\u00e9s del Plan de Recuperaci\u00f3n, Transformaci\u00f3n y Resiliencia<\/p>\n<p><strong>Pinardi <\/strong>es una entidad social que tiene como \ufb01nalidad la promoci\u00f3n integral de los j\u00f3venes en situaci\u00f3n de vulnerabilidad y su formaci\u00f3n para el empleo. <strong>Pinardi <\/strong>es una de las entidades que conforman <strong>BoscoSocial <\/strong>o lo que es lo mismo, el conjunto de las Obras Sociales de <strong>Salesianos Santiago el Mayor.<\/strong><\/p>\n<p>La <strong>Comunidad de Madrid <\/strong>entiende y atiende las necesidades espec\u00ed\ufb01cas de aquellos j\u00f3venes que necesitan para su realizaci\u00f3n personal y profesional un itinerario no reglado, singular. Porque creemos que la mejor ayuda\/oportunidad que podemos proporcionar a cada persona es la madurez y la autonom\u00eda social y econ\u00f3mica, impulsamos esta iniciativa innovadora dentro del compromiso y esfuerzo colectivo por la inclusi\u00f3n.<\/p>\n<p>&nbsp;<\/p>\n<h4>Acerca de Alsea<\/h4>\n<p><strong>Alsea<\/strong> es el operador de restaurantes l\u00edder en Europa y Am\u00e9rica Latina. Cuenta con m\u00e1s de 4.400 restaurantes y tiendas en 11 pa\u00edses y gestiona algunas de las marcas de mayor reconocimiento a nivel mundial en los segmentos de casual dining, quick service y coffee shop. En 2014, Alsea da el salto al continente europeo, empezando por desarrollar sus operaciones en Espa\u00f1a tras la adquisici\u00f3n del grupo de restauraci\u00f3n multimarca Grupo Zena. A finales de 2018, Alsea consolida su presencia en la pen\u00ednsula ib\u00e9rica con la compra adicional de Grupo Vips, convirti\u00e9ndose en el grupo de restauraci\u00f3n organizada m\u00e1s importante de Espa\u00f1a.<\/p>\n<p>Pocos meses despu\u00e9s, a principios de 2019, Alsea extiende su presencia en Europa con la adquisici\u00f3n de los derechos exclusivos para operar la marca Starbucks en Francia, B\u00e9lgica, Pa\u00edses Bajos y Luxemburgo. En la actualidad, Alsea opera en Europa diez marcas en seis mercados: Starbucks (Francia, Pa\u00edses Bajos, B\u00e9lgica, Luxemburgo, Espa\u00f1a y Portugal), Domino\u2019s Pizza, Foster\u2019s Hollywood, Foster\u2019s Hollywood Street, VIPS, VIPS Smart, Fridays, Burger King, OleMole (Espa\u00f1a) y Ginos (Espa\u00f1a y Portugal).<\/p>\n<p>&nbsp;<\/p>\n<p>[\/et_pb_text][\/et_pb_column][\/et_pb_row][et_pb_row column_structure=\u00bb1_3,2_3&#8243; make_equal=\u00bbon\u00bb _builder_version=\u00bb4.20.1&#8243; _module_preset=\u00bbdefault\u00bb custom_padding=\u00bb||5px||false|false\u00bb custom_css_main_element=\u00bbalign-items: center;\u00bb global_colors_info=\u00bb{}\u00bb][et_pb_column type=\u00bb1_3&#8243; _builder_version=\u00bb4.20.1&#8243; _module_preset=\u00bbdefault\u00bb global_colors_info=\u00bb{}\u00bb][et_pb_icon font_icon=\u00bb&#xf2b6;||fa||400&#8243; icon_width=\u00bb40px\u00bb _builder_version=\u00bb4.20.1&#8243; _module_preset=\u00bbdefault\u00bb global_colors_info=\u00bb{}\u00bb][\/et_pb_icon][\/et_pb_column][et_pb_column type=\u00bb2_3&#8243; admin_label=\u00bbContacto prensa\u00bb _builder_version=\u00bb4.20.1&#8243; _module_preset=\u00bbdefault\u00bb background_color=\u00bbrgba(218,220,222,0.37)\u00bb custom_padding=\u00bb15px|15px|15px|15px|true|true\u00bb global_colors_info=\u00bb{}\u00bb][et_pb_text _builder_version=\u00bb4.20.1&#8243; _module_preset=\u00bbdefault\u00bb global_colors_info=\u00bb{}\u00bb]<\/p>\n<h6>M\u00e1s informaci\u00f3n:<\/h6>\n<p><strong>Jota Llorente<\/strong><br \/>Comunicaci\u00f3n Primera Experiencia Profesional<br \/>jllorente@pinardi.com<\/p>\n<p>[\/et_pb_text][\/et_pb_column][\/et_pb_row][et_pb_row _builder_version=\u00bb4.20.1&#8243; _module_preset=\u00bbdefault\u00bb global_colors_info=\u00bb{}\u00bb][et_pb_column type=\u00bb4_4&#8243; _builder_version=\u00bb4.20.1&#8243; _module_preset=\u00bbdefault\u00bb global_colors_info=\u00bb{}\u00bb][et_pb_divider color=\u00bb#DC001B\u00bb divider_weight=\u00bb3px\u00bb _builder_version=\u00bb4.20.1&#8243; _module_preset=\u00bbdefault\u00bb global_colors_info=\u00bb{}\u00bb][\/et_pb_divider][et_pb_text _builder_version=\u00bb4.20.1&#8243; _module_preset=\u00bbdefault\u00bb global_colors_info=\u00bb{}\u00bb]<\/p>\n<p style=\"text-align: center;\"><a href=\"https:\/\/pinardi.com\/pep\/lo-que-hacemos\/sala-de-prensa\/\">Volver a la sala de prensa<\/a><\/p>\n<p>[\/et_pb_text][\/et_pb_column][\/et_pb_row][\/et_pb_section]<\/p>\n","protected":false},"excerpt":{"rendered":"<p>Nota de prensa: Pinardi y Alsea entregan diplomas de Primera Experiencia Profesional <\/p>\n","protected":false},"author":2,"featured_media":1417,"comment_status":"open","ping_status":"closed","template":"","meta":{"_et_pb_use_builder":"on","_et_pb_old_content":"","_et_gb_content_width":"","footnotes":""},"project_category":[16],"project_tag":[],"class_list":["post-1419","project","type-project","status-publish","has-post-thumbnail","hentry","project_category-nota-de-prensa"],"yoast_head":"<!-- This site is optimized with the Yoast SEO plugin v27.5 - https:\/\/yoast.com\/product\/yoast-seo-wordpress\/ -->\n<title>Pinardi y Alsea entregan diplomas de Primera Experiencia Profesional | Primera Experiencia Profesional<\/title>\n<meta name=\"description\" content=\"Nota de prensa: Pinardi y Alsea entregan diplomas de Primera Experiencia Profesional, con un 50 % de contratos de trabajo firmados tras la formaci\u00f3n.\" \/>\n<meta name=\"robots\" content=\"noindex, follow\" \/>\n<meta property=\"og:locale\" content=\"es_ES\" \/>\n<meta property=\"og:type\" content=\"article\" \/>\n<meta property=\"og:title\" content=\"Pinardi y Alsea entregan diplomas de Primera Experiencia Profesional | Primera Experiencia Profesional\" \/>\n<meta property=\"og:description\" content=\"Nota de prensa: Pinardi y Alsea entregan diplomas de Primera Experiencia Profesional, con un 50 % de contratos de trabajo firmados tras la formaci\u00f3n.\" \/>\n<meta property=\"og:url\" content=\"https:\/\/pinardi.com\/pep\/project\/pinardi-y-alsea-entregan-diplomas-de-primera-experiencia-profesional\/\" \/>\n<meta property=\"og:site_name\" content=\"Primera Experiencia Profesional\" \/>\n<meta property=\"article:modified_time\" content=\"2023-06-28T07:45:46+00:00\" \/>\n<meta property=\"og:image\" content=\"https:\/\/pinardi.com\/pep\/wp-content\/uploads\/2023\/06\/Jovenes-Primera-Experiencia-Profesional-en-Alsea.jpg\" \/>\n\t<meta property=\"og:image:width\" content=\"1920\" \/>\n\t<meta property=\"og:image:height\" content=\"1080\" \/>\n\t<meta property=\"og:image:type\" content=\"image\/jpeg\" \/>\n<meta name=\"twitter:card\" content=\"summary_large_image\" \/>\n<meta name=\"twitter:label1\" content=\"Tiempo de lectura\" \/>\n\t<meta name=\"twitter:data1\" content=\"6 minutos\" \/>\n<script type=\"application\/ld+json\" class=\"yoast-schema-graph\">{\"@context\":\"https:\\\/\\\/schema.org\",\"@graph\":[{\"@type\":\"WebPage\",\"@id\":\"https:\\\/\\\/pinardi.com\\\/pep\\\/project\\\/pinardi-y-alsea-entregan-diplomas-de-primera-experiencia-profesional\\\/\",\"url\":\"https:\\\/\\\/pinardi.com\\\/pep\\\/project\\\/pinardi-y-alsea-entregan-diplomas-de-primera-experiencia-profesional\\\/\",\"name\":\"Pinardi y Alsea entregan diplomas de Primera Experiencia Profesional | Primera Experiencia Profesional\",\"isPartOf\":{\"@id\":\"https:\\\/\\\/pinardi.com\\\/pep\\\/#website\"},\"primaryImageOfPage\":{\"@id\":\"https:\\\/\\\/pinardi.com\\\/pep\\\/project\\\/pinardi-y-alsea-entregan-diplomas-de-primera-experiencia-profesional\\\/#primaryimage\"},\"image\":{\"@id\":\"https:\\\/\\\/pinardi.com\\\/pep\\\/project\\\/pinardi-y-alsea-entregan-diplomas-de-primera-experiencia-profesional\\\/#primaryimage\"},\"thumbnailUrl\":\"https:\\\/\\\/pinardi.com\\\/pep\\\/wp-content\\\/uploads\\\/2023\\\/06\\\/Jovenes-Primera-Experiencia-Profesional-en-Alsea.jpg\",\"datePublished\":\"2023-06-27T17:45:29+00:00\",\"dateModified\":\"2023-06-28T07:45:46+00:00\",\"description\":\"Nota de prensa: Pinardi y Alsea entregan diplomas de Primera Experiencia Profesional, con un 50 % de contratos de trabajo firmados tras la formaci\u00f3n.\",\"breadcrumb\":{\"@id\":\"https:\\\/\\\/pinardi.com\\\/pep\\\/project\\\/pinardi-y-alsea-entregan-diplomas-de-primera-experiencia-profesional\\\/#breadcrumb\"},\"inLanguage\":\"es\",\"potentialAction\":[{\"@type\":\"ReadAction\",\"target\":[\"https:\\\/\\\/pinardi.com\\\/pep\\\/project\\\/pinardi-y-alsea-entregan-diplomas-de-primera-experiencia-profesional\\\/\"]}]},{\"@type\":\"ImageObject\",\"inLanguage\":\"es\",\"@id\":\"https:\\\/\\\/pinardi.com\\\/pep\\\/project\\\/pinardi-y-alsea-entregan-diplomas-de-primera-experiencia-profesional\\\/#primaryimage\",\"url\":\"https:\\\/\\\/pinardi.com\\\/pep\\\/wp-content\\\/uploads\\\/2023\\\/06\\\/Jovenes-Primera-Experiencia-Profesional-en-Alsea.jpg\",\"contentUrl\":\"https:\\\/\\\/pinardi.com\\\/pep\\\/wp-content\\\/uploads\\\/2023\\\/06\\\/Jovenes-Primera-Experiencia-Profesional-en-Alsea.jpg\",\"width\":1920,\"height\":1080},{\"@type\":\"BreadcrumbList\",\"@id\":\"https:\\\/\\\/pinardi.com\\\/pep\\\/project\\\/pinardi-y-alsea-entregan-diplomas-de-primera-experiencia-profesional\\\/#breadcrumb\",\"itemListElement\":[{\"@type\":\"ListItem\",\"position\":1,\"name\":\"Portada\",\"item\":\"https:\\\/\\\/pinardi.com\\\/pep\\\/\"},{\"@type\":\"ListItem\",\"position\":2,\"name\":\"Proyectos\",\"item\":\"https:\\\/\\\/pinardi.com\\\/pep\\\/project\\\/\"},{\"@type\":\"ListItem\",\"position\":3,\"name\":\"Pinardi y Alsea entregan diplomas de Primera Experiencia Profesional\"}]},{\"@type\":\"WebSite\",\"@id\":\"https:\\\/\\\/pinardi.com\\\/pep\\\/#website\",\"url\":\"https:\\\/\\\/pinardi.com\\\/pep\\\/\",\"name\":\"Primera Experiencia Profesional\",\"description\":\"Proyecto para la empleabilidad juvenil\",\"publisher\":{\"@id\":\"https:\\\/\\\/pinardi.com\\\/pep\\\/#organization\"},\"alternateName\":\"PEP\",\"potentialAction\":[{\"@type\":\"SearchAction\",\"target\":{\"@type\":\"EntryPoint\",\"urlTemplate\":\"https:\\\/\\\/pinardi.com\\\/pep\\\/?s={search_term_string}\"},\"query-input\":{\"@type\":\"PropertyValueSpecification\",\"valueRequired\":true,\"valueName\":\"search_term_string\"}}],\"inLanguage\":\"es\"},{\"@type\":\"Organization\",\"@id\":\"https:\\\/\\\/pinardi.com\\\/pep\\\/#organization\",\"name\":\"Primera Experiencia Profesional, un proyecto de Pinardi\",\"url\":\"https:\\\/\\\/pinardi.com\\\/pep\\\/\",\"logo\":{\"@type\":\"ImageObject\",\"inLanguage\":\"es\",\"@id\":\"https:\\\/\\\/pinardi.com\\\/pep\\\/#\\\/schema\\\/logo\\\/image\\\/\",\"url\":\"https:\\\/\\\/pinardi.com\\\/pep\\\/wp-content\\\/uploads\\\/2022\\\/10\\\/pep-22-completo-vertical-01.png\",\"contentUrl\":\"https:\\\/\\\/pinardi.com\\\/pep\\\/wp-content\\\/uploads\\\/2022\\\/10\\\/pep-22-completo-vertical-01.png\",\"width\":3508,\"height\":2480,\"caption\":\"Primera Experiencia Profesional, un proyecto de Pinardi\"},\"image\":{\"@id\":\"https:\\\/\\\/pinardi.com\\\/pep\\\/#\\\/schema\\\/logo\\\/image\\\/\"},\"sameAs\":[\"https:\\\/\\\/www.tiktok.com\\\/@pep_pinardi\",\"https:\\\/\\\/www.instagram.com\\\/pep_pinardi\\\/\"]}]}<\/script>\n<!-- \/ Yoast SEO plugin. -->","yoast_head_json":{"title":"Pinardi y Alsea entregan diplomas de Primera Experiencia Profesional | Primera Experiencia Profesional","description":"Nota de prensa: Pinardi y Alsea entregan diplomas de Primera Experiencia Profesional, con un 50 % de contratos de trabajo firmados tras la formaci\u00f3n.","robots":{"index":"noindex","follow":"follow"},"og_locale":"es_ES","og_type":"article","og_title":"Pinardi y Alsea entregan diplomas de Primera Experiencia Profesional | Primera Experiencia Profesional","og_description":"Nota de prensa: Pinardi y Alsea entregan diplomas de Primera Experiencia Profesional, con un 50 % de contratos de trabajo firmados tras la formaci\u00f3n.","og_url":"https:\/\/pinardi.com\/pep\/project\/pinardi-y-alsea-entregan-diplomas-de-primera-experiencia-profesional\/","og_site_name":"Primera Experiencia Profesional","article_modified_time":"2023-06-28T07:45:46+00:00","og_image":[{"width":1920,"height":1080,"url":"https:\/\/pinardi.com\/pep\/wp-content\/uploads\/2023\/06\/Jovenes-Primera-Experiencia-Profesional-en-Alsea.jpg","type":"image\/jpeg"}],"twitter_card":"summary_large_image","twitter_misc":{"Tiempo de lectura":"6 minutos"},"schema":{"@context":"https:\/\/schema.org","@graph":[{"@type":"WebPage","@id":"https:\/\/pinardi.com\/pep\/project\/pinardi-y-alsea-entregan-diplomas-de-primera-experiencia-profesional\/","url":"https:\/\/pinardi.com\/pep\/project\/pinardi-y-alsea-entregan-diplomas-de-primera-experiencia-profesional\/","name":"Pinardi y Alsea entregan diplomas de Primera Experiencia Profesional | Primera Experiencia Profesional","isPartOf":{"@id":"https:\/\/pinardi.com\/pep\/#website"},"primaryImageOfPage":{"@id":"https:\/\/pinardi.com\/pep\/project\/pinardi-y-alsea-entregan-diplomas-de-primera-experiencia-profesional\/#primaryimage"},"image":{"@id":"https:\/\/pinardi.com\/pep\/project\/pinardi-y-alsea-entregan-diplomas-de-primera-experiencia-profesional\/#primaryimage"},"thumbnailUrl":"https:\/\/pinardi.com\/pep\/wp-content\/uploads\/2023\/06\/Jovenes-Primera-Experiencia-Profesional-en-Alsea.jpg","datePublished":"2023-06-27T17:45:29+00:00","dateModified":"2023-06-28T07:45:46+00:00","description":"Nota de prensa: Pinardi y Alsea entregan diplomas de Primera Experiencia Profesional, con un 50 % de contratos de trabajo firmados tras la formaci\u00f3n.","breadcrumb":{"@id":"https:\/\/pinardi.com\/pep\/project\/pinardi-y-alsea-entregan-diplomas-de-primera-experiencia-profesional\/#breadcrumb"},"inLanguage":"es","potentialAction":[{"@type":"ReadAction","target":["https:\/\/pinardi.com\/pep\/project\/pinardi-y-alsea-entregan-diplomas-de-primera-experiencia-profesional\/"]}]},{"@type":"ImageObject","inLanguage":"es","@id":"https:\/\/pinardi.com\/pep\/project\/pinardi-y-alsea-entregan-diplomas-de-primera-experiencia-profesional\/#primaryimage","url":"https:\/\/pinardi.com\/pep\/wp-content\/uploads\/2023\/06\/Jovenes-Primera-Experiencia-Profesional-en-Alsea.jpg","contentUrl":"https:\/\/pinardi.com\/pep\/wp-content\/uploads\/2023\/06\/Jovenes-Primera-Experiencia-Profesional-en-Alsea.jpg","width":1920,"height":1080},{"@type":"BreadcrumbList","@id":"https:\/\/pinardi.com\/pep\/project\/pinardi-y-alsea-entregan-diplomas-de-primera-experiencia-profesional\/#breadcrumb","itemListElement":[{"@type":"ListItem","position":1,"name":"Portada","item":"https:\/\/pinardi.com\/pep\/"},{"@type":"ListItem","position":2,"name":"Proyectos","item":"https:\/\/pinardi.com\/pep\/project\/"},{"@type":"ListItem","position":3,"name":"Pinardi y Alsea entregan diplomas de Primera Experiencia Profesional"}]},{"@type":"WebSite","@id":"https:\/\/pinardi.com\/pep\/#website","url":"https:\/\/pinardi.com\/pep\/","name":"Primera Experiencia Profesional","description":"Proyecto para la empleabilidad juvenil","publisher":{"@id":"https:\/\/pinardi.com\/pep\/#organization"},"alternateName":"PEP","potentialAction":[{"@type":"SearchAction","target":{"@type":"EntryPoint","urlTemplate":"https:\/\/pinardi.com\/pep\/?s={search_term_string}"},"query-input":{"@type":"PropertyValueSpecification","valueRequired":true,"valueName":"search_term_string"}}],"inLanguage":"es"},{"@type":"Organization","@id":"https:\/\/pinardi.com\/pep\/#organization","name":"Primera Experiencia Profesional, un proyecto de Pinardi","url":"https:\/\/pinardi.com\/pep\/","logo":{"@type":"ImageObject","inLanguage":"es","@id":"https:\/\/pinardi.com\/pep\/#\/schema\/logo\/image\/","url":"https:\/\/pinardi.com\/pep\/wp-content\/uploads\/2022\/10\/pep-22-completo-vertical-01.png","contentUrl":"https:\/\/pinardi.com\/pep\/wp-content\/uploads\/2022\/10\/pep-22-completo-vertical-01.png","width":3508,"height":2480,"caption":"Primera Experiencia Profesional, un proyecto de Pinardi"},"image":{"@id":"https:\/\/pinardi.com\/pep\/#\/schema\/logo\/image\/"},"sameAs":["https:\/\/www.tiktok.com\/@pep_pinardi","https:\/\/www.instagram.com\/pep_pinardi\/"]}]}},"_links":{"self":[{"href":"https:\/\/pinardi.com\/pep\/wp-json\/wp\/v2\/project\/1419","targetHints":{"allow":["GET"]}}],"collection":[{"href":"https:\/\/pinardi.com\/pep\/wp-json\/wp\/v2\/project"}],"about":[{"href":"https:\/\/pinardi.com\/pep\/wp-json\/wp\/v2\/types\/project"}],"author":[{"embeddable":true,"href":"https:\/\/pinardi.com\/pep\/wp-json\/wp\/v2\/users\/2"}],"replies":[{"embeddable":true,"href":"https:\/\/pinardi.com\/pep\/wp-json\/wp\/v2\/comments?post=1419"}],"version-history":[{"count":5,"href":"https:\/\/pinardi.com\/pep\/wp-json\/wp\/v2\/project\/1419\/revisions"}],"predecessor-version":[{"id":1425,"href":"https:\/\/pinardi.com\/pep\/wp-json\/wp\/v2\/project\/1419\/revisions\/1425"}],"wp:featuredmedia":[{"embeddable":true,"href":"https:\/\/pinardi.com\/pep\/wp-json\/wp\/v2\/media\/1417"}],"wp:attachment":[{"href":"https:\/\/pinardi.com\/pep\/wp-json\/wp\/v2\/media?parent=1419"}],"wp:term":[{"taxonomy":"project_category","embeddable":true,"href":"https:\/\/pinardi.com\/pep\/wp-json\/wp\/v2\/project_category?post=1419"},{"taxonomy":"project_tag","embeddable":true,"href":"https:\/\/pinardi.com\/pep\/wp-json\/wp\/v2\/project_tag?post=1419"}],"curies":[{"name":"wp","href":"https:\/\/api.w.org\/{rel}","templated":true}]}}