{"id":1277,"date":"2023-05-26T09:26:57","date_gmt":"2023-05-26T09:26:57","guid":{"rendered":"https:\/\/pinardi.com\/pep\/?post_type=project&#038;p=1277"},"modified":"2023-05-26T09:28:48","modified_gmt":"2023-05-26T09:28:48","slug":"jornada-para-la-mejora-de-la-empleabilidad-juvenil","status":"publish","type":"project","link":"https:\/\/pinardi.com\/pep\/project\/jornada-para-la-mejora-de-la-empleabilidad-juvenil\/","title":{"rendered":"Pinardi y Fundaci\u00f3n Quiero Trabajo juntan a 100 j\u00f3venes con 50 mentores de empresas referentes para impulsar la empleabilidad juvenil"},"content":{"rendered":"<p>[et_pb_section fb_built=\u00bb1&#8243; _builder_version=\u00bb4.20.1&#8243; _module_preset=\u00bbdefault\u00bb global_colors_info=\u00bb{}\u00bb][et_pb_row _builder_version=\u00bb4.20.1&#8243; _module_preset=\u00bbdefault\u00bb custom_padding=\u00bb||10px||false|false\u00bb locked=\u00bboff\u00bb global_colors_info=\u00bb{}\u00bb][et_pb_column type=\u00bb4_4&#8243; _builder_version=\u00bb4.20.1&#8243; _module_preset=\u00bbdefault\u00bb global_colors_info=\u00bb{}\u00bb][et_pb_post_title author=\u00bboff\u00bb date_format=\u00bbj %92d%92e F %92d%92e Y\u00bb comments=\u00bboff\u00bb featured_image=\u00bboff\u00bb _builder_version=\u00bb4.20.1&#8243; _module_preset=\u00bbdefault\u00bb global_colors_info=\u00bb{}\u00bb][\/et_pb_post_title][et_pb_text admin_label=\u00bbetiqueta\u00bb _builder_version=\u00bb4.20.1&#8243; _module_preset=\u00bbdefault\u00bb text_font=\u00bb|700||on|||||\u00bb text_text_color=\u00bb#3A4A57&#8243; background_color=\u00bb#DADCDE\u00bb transform_scale_linked=\u00bboff\u00bb text_orientation=\u00bbcenter\u00bb custom_padding=\u00bb2px|10px|2px|10px|true|true\u00bb custom_css_main_element=\u00bbwidth:180px;\u00bb border_radii=\u00bbon|8px|8px|8px|8px\u00bb global_colors_info=\u00bb{}\u00bb]<\/p>\n<p>Nota de prensa<\/p>\n<p>[\/et_pb_text][et_pb_image src=\u00bbhttps:\/\/pinardi.com\/pep\/wp-content\/uploads\/2023\/05\/Jornada-para-la-mejora-de-la-empleabilidad-juvenil-01-Foto-de-grupo-recorte-scaled.jpg\u00bb alt=\u00bbFoto de grupo de los participantes del primer FestiPEP\u00bb title_text=\u00bbJornada para la mejora de la empleabilidad juvenil &#8211; 01 &#8211; Foto de grupo &#8211; recorte\u00bb _builder_version=\u00bb4.20.2&#8243; _module_preset=\u00bbdefault\u00bb global_colors_info=\u00bb{}\u00bb][\/et_pb_image][et_pb_text admin_label=\u00bbtitulares | ideas clave\u00bb _builder_version=\u00bb4.20.2&#8243; _module_preset=\u00bbdefault\u00bb global_colors_info=\u00bb{}\u00bb]<\/p>\n<ul>\n<li><span style=\"font-size: 16px;\">La Jornada para la mejora de la empleabilidad juvenil, que se llev\u00f3 a cabo el 25 de mayo en el Hotel Meli\u00e1 Princesa, logr\u00f3 reunir a 100 j\u00f3venes en busca de su primera experiencia profesional con empresas referentes, lo que permiti\u00f3 establecer un contacto valioso para ambas partes.<\/span><\/li>\n<li><span style=\"font-size: 16px;\">Primera Experiencia Profesional tiene como objetivo aumentar la empleabilidad y la inserci\u00f3n social y laboral con los j\u00f3venes y las empresas como protagonistas.<\/span><\/li>\n<li><span style=\"font-size: 16px;\">La Fundaci\u00f3n Quiero Trabajo colabora con Primera Experiencia Profesional, proyecto de Pinardi y de la Comunidad de Madrid, poniendo en contacto a los j\u00f3venes con empresas referentes y validando de esta manera la propuesta<br \/>metodol\u00f3gica del programa.<\/span><\/li>\n<li><span style=\"font-size: 16px;\">Primera Experiencia Profesional es una nueva forma de abordar el problema del desempleo juvenil. Se trata de una experiencia formativa que permite el desarrollo personal y el descubrimiento profesional de la mano de los equipos educativos de Pinardi y empresas l\u00edderes.<\/span><\/li>\n<\/ul>\n<p>[\/et_pb_text][et_pb_text admin_label=\u00bbNota de prensa\u00bb _builder_version=\u00bb4.20.2&#8243; _module_preset=\u00bbdefault\u00bb global_colors_info=\u00bb{}\u00bb]<\/p>\n<p><strong>Madrid, 26 de mayo de 2023. <\/strong><\/p>\n<p>La Jornada para la mejora de la empleabilidad juvenil se enmarca dentro del programa \u00abPrimera Experiencia Profesional\u00bb, el cual tiene como objetivo brindar oportunidades laborales y de formaci\u00f3n a j\u00f3venes que se encuentran en situaci\u00f3n de vulnerabilidad. En esta ocasi\u00f3n, Pinardi y la Fundaci\u00f3n Quiero Trabajo han unido fuerzas para llevar a cabo una jornada por la empleabilidad juvenil en la que participar\u00e1n 100 j\u00f3venes y 50 mentores de empresas referentes. El objetivo fundamental ha sido que los j\u00f3venes puedan conocer de primera mano las experiencias de los mentores y recibir orientaci\u00f3n y consejos para mejorar sus habilidades y oportunidades laborales.<\/p>\n<p>La jornada, desarrollada gracias a la colaboraci\u00f3n de Hoteles Meli\u00e1 en el Meli\u00e1-Princesa (Madrid), cont\u00f3 con cuatro salas para ponencias. En ellas, los 100 j\u00f3venes participantes fueron divididos en grupos de 20 personas, junto con sus respectivos ponentes, todos ellos gerentes de empresas. Durante estas ponencias, se abordaron temas espec\u00ed\ufb01cos relacionados con el mundo laboral y la formaci\u00f3n profesional.<\/p>\n<p>Por otro lado, la jornada tambi\u00e9n cont\u00f3 con una sala \u00ab1 to 1\u00bb en la que se llevaron a cabo mentor\u00edas individuales entre los j\u00f3venes y los mentores de empresas referentes. Esta sala ten\u00eda capacidad para 40 personas, con 20 mesas separadas para garantizar la privacidad y la comodidad de los participantes durante las mentor\u00edas.<\/p>\n<p>En de\ufb01nitiva, se trat\u00f3 de una jornada muy completa y bien organizada que buscaba maximizar las oportunidades de aprendizaje y desarrollo profesional para los j\u00f3venes participantes de Primera Experiencia Profesional.<\/p>\n<p>Es importante destacar que en la jornada por la empleabilidad juvenil participaron empresas referentes en sus respectivos sectores: Stellantis, grupo Peugeot Citro\u00ebn, Page Personnel, Acciona, Securitas Direct, Aq Acenture, Ouigo, Grupo Tendam, Edpyn. Esto dot\u00f3 al evento de una alta calidad y relevancia para los j\u00f3venes participantes. La presencia de estas empresas permitir\u00e1 a los j\u00f3venes enfrentarse al mundo laboral de una manera m\u00e1s real y cercana, y les brindar\u00e1 la oportunidad de ver c\u00f3mo se conf\u00eda en ellos y en su potencial para desarrollarse profesionalmente.<\/p>\n<p>As\u00ed mismo, la participaci\u00f3n de estas empresas referentes, permiti\u00f3 a los j\u00f3venes conocer de primera mano las necesidades y demandas del mercado laboral actual, lo que les ayudar\u00e1 a enfocar mejor su formaci\u00f3n y preparaci\u00f3n para el futuro. En de\ufb01nitiva, fue una jornada enriquecedora tanto para los j\u00f3venes como para las empresas participantes, que pudieron establecer contactos valiosos y contribuir a la formaci\u00f3n de la pr\u00f3xima generaci\u00f3n de profesionales.<\/p>\n<p>Desde que en el mes de de octubre Pinardi y la Comunidad de Madrid pusieran en marcha Primera Experiencia Profesional, 286 j\u00f3venes han iniciado ya su Primera Experiencia Profesional, y en este momento casi 200 contin\u00faan sus procesos formativos y tendr\u00e1n la oportunidad de descubrir su vocaci\u00f3n con una formaci\u00f3n en entornos laborales reales dentro de empresas.<\/p>\n<p>Primera Experiencia Profesional busca un enfoque inclusivo de la formaci\u00f3n y el aprendizaje, rompiendo las barreras que a menudo existen entre los j\u00f3venes y las empresas, as\u00ed como un compromiso con aquellos j\u00f3venes que en su d\u00eda se quedaron al margen pero que necesitan una segunda oportunidad para formarse, aprender y descubrir su vocaci\u00f3n.<\/p>\n<p>&nbsp;<\/p>\n<p>&nbsp;<\/p>\n<p>[\/et_pb_text][et_pb_button button_url=\u00bbhttps:\/\/pinardi.com\/pep\/wp-content\/uploads\/2023\/05\/2023-05-26-NdP-Jornada-para-la-mejora-de-la-empleabilidad-juvenil.pdf\u00bb url_new_window=\u00bbon\u00bb button_text=\u00bbDescargar nota de prensa\u00bb button_alignment=\u00bbcenter\u00bb admin_label=\u00bbBot\u00f3n descargar NdP\u00bb _builder_version=\u00bb4.20.2&#8243; _module_preset=\u00bbdefault\u00bb custom_button=\u00bbon\u00bb button_icon=\u00bb&#xf15b;||fa||400&#8243; global_colors_info=\u00bb{}\u00bb][\/et_pb_button][et_pb_gallery gallery_ids=\u00bb1278,1279,1280,1281&#8243; posts_number=\u00bb5&#8243; show_title_and_caption=\u00bboff\u00bb _builder_version=\u00bb4.20.2&#8243; _module_preset=\u00bbdefault\u00bb max_width=\u00bb100%\u00bb module_alignment=\u00bbcenter\u00bb custom_padding=\u00bb||||false|false\u00bb global_colors_info=\u00bb{}\u00bb][\/et_pb_gallery][\/et_pb_column][\/et_pb_row][\/et_pb_section][et_pb_section fb_built=\u00bb1&#8243; _builder_version=\u00bb4.20.1&#8243; _module_preset=\u00bbdefault\u00bb custom_padding=\u00bb0px||||false|false\u00bb locked=\u00bboff\u00bb global_colors_info=\u00bb{}\u00bb][et_pb_row _builder_version=\u00bb4.20.1&#8243; _module_preset=\u00bbdefault\u00bb custom_margin=\u00bb0px||0px||true|false\u00bb global_colors_info=\u00bb{}\u00bb][et_pb_column type=\u00bb4_4&#8243; _builder_version=\u00bb4.20.1&#8243; _module_preset=\u00bbdefault\u00bb global_colors_info=\u00bb{}\u00bb][et_pb_divider color=\u00bb#DC001B\u00bb divider_weight=\u00bb3px\u00bb _builder_version=\u00bb4.20.1&#8243; _module_preset=\u00bbdefault\u00bb global_colors_info=\u00bb{}\u00bb][\/et_pb_divider][et_pb_text admin_label=\u00bbInfo\u00bb _builder_version=\u00bb4.20.1&#8243; _module_preset=\u00bbdefault\u00bb global_colors_info=\u00bb{}\u00bb]<\/p>\n<h4>Acerca de Primera Experiencia Profesional<\/h4>\n<p><span><a href=\"https:\/\/pinardi.com\/pep\/\">Primera Experiencia Profesional<\/a> es un proyecto de Pinardi y la Comunidad de Madrid<\/span><em>para la mejora de la empleabilidad juvenil y el retorno educativo que est\u00e1 <\/em>\ufb01nanciado por el Ministerio de Inclusi\u00f3n, Seguridad Social y Migraciones, Uni\u00f3n Europea-Next Generation a trav\u00e9s del Plan de Recuperaci\u00f3n, Transformaci\u00f3n y Resiliencia<\/p>\n<p>&nbsp;<\/p>\n<p><strong>Pinardi <\/strong>es una entidad social que tiene como \ufb01nalidad la promoci\u00f3n integral de los j\u00f3venes en situaci\u00f3n de vulnerabilidad y su formaci\u00f3n para el empleo. <strong>Pinardi <\/strong>es una de las entidades que conforman <strong>BoscoSocial <\/strong>o lo que es lo mismo, el conjunto de las Obras Sociales de <strong>Salesianos Santiago el Mayor.<\/strong><\/p>\n<p>La <strong>Comunidad de Madrid <\/strong>entiende y atiende las necesidades espec\u00ed\ufb01cas de aquellos j\u00f3venes que necesitan para su realizaci\u00f3n personal y profesional un itinerario no reglado, singular. Porque creemos que la mejor ayuda\/oportunidad que podemos proporcionar a cada persona es la madurez y la autonom\u00eda social y econ\u00f3mica, impulsamos esta iniciativa innovadora dentro del compromiso y esfuerzo colectivo por la inclusi\u00f3n.<\/p>\n<p><strong>Fundaci\u00f3n Quiero Trabajo <\/strong>es una organizaci\u00f3n sin \u00e1nimo de lucro que trabaja desde el a\u00f1o 2016 en la reinserci\u00f3n socio-laboral, su <strong>misi\u00f3n <\/strong>consiste en <strong>empoderar a personas, fundamentalmente mujeres en riesgo de exclusi\u00f3n social para ayudarles a conseguir un empleo que les haga sentirse dignas, \u00fatiles e independientes econ\u00f3micamente proporcion\u00e1ndoles soporte, formaci\u00f3n y asesor\u00eda de imagen. <\/strong>Los servicios de Fundaci\u00f3n Quiero Trabajo son el eslab\u00f3n \ufb01nal de los procesos de inserci\u00f3n sociolaboral, siendo especialistas en la preparaci\u00f3n exitosa de procesos de selecci\u00f3n y entrevistas de trabajo y en la involucraci\u00f3n de voluntariado corporativo de empresa<em>.<\/em><\/p>\n<p>[\/et_pb_text][\/et_pb_column][\/et_pb_row][et_pb_row column_structure=\u00bb1_3,2_3&#8243; make_equal=\u00bbon\u00bb _builder_version=\u00bb4.20.1&#8243; _module_preset=\u00bbdefault\u00bb custom_padding=\u00bb||5px||false|false\u00bb custom_css_main_element=\u00bbalign-items: center;\u00bb global_colors_info=\u00bb{}\u00bb][et_pb_column type=\u00bb1_3&#8243; _builder_version=\u00bb4.20.1&#8243; _module_preset=\u00bbdefault\u00bb global_colors_info=\u00bb{}\u00bb][et_pb_icon font_icon=\u00bb&#xf2b6;||fa||400&#8243; icon_width=\u00bb40px\u00bb _builder_version=\u00bb4.20.1&#8243; _module_preset=\u00bbdefault\u00bb global_colors_info=\u00bb{}\u00bb][\/et_pb_icon][\/et_pb_column][et_pb_column type=\u00bb2_3&#8243; admin_label=\u00bbContacto prensa\u00bb _builder_version=\u00bb4.20.1&#8243; _module_preset=\u00bbdefault\u00bb background_color=\u00bbrgba(218,220,222,0.37)\u00bb custom_padding=\u00bb15px|15px|15px|15px|true|true\u00bb global_colors_info=\u00bb{}\u00bb][et_pb_text _builder_version=\u00bb4.20.1&#8243; _module_preset=\u00bbdefault\u00bb global_colors_info=\u00bb{}\u00bb]<\/p>\n<h6>M\u00e1s informaci\u00f3n:<\/h6>\n<p><strong>Jota Llorente<\/strong><br \/>Comunicaci\u00f3n Primera Experiencia Profesional<br \/>jllorente@pinardi.com<\/p>\n<p>[\/et_pb_text][\/et_pb_column][\/et_pb_row][et_pb_row _builder_version=\u00bb4.20.1&#8243; _module_preset=\u00bbdefault\u00bb global_colors_info=\u00bb{}\u00bb][et_pb_column type=\u00bb4_4&#8243; _builder_version=\u00bb4.20.1&#8243; _module_preset=\u00bbdefault\u00bb global_colors_info=\u00bb{}\u00bb][et_pb_divider color=\u00bb#DC001B\u00bb divider_weight=\u00bb3px\u00bb _builder_version=\u00bb4.20.1&#8243; _module_preset=\u00bbdefault\u00bb global_colors_info=\u00bb{}\u00bb][\/et_pb_divider][et_pb_text _builder_version=\u00bb4.20.1&#8243; _module_preset=\u00bbdefault\u00bb global_colors_info=\u00bb{}\u00bb]<\/p>\n<p style=\"text-align: center;\"><a href=\"https:\/\/pinardi.com\/pep\/lo-que-hacemos\/sala-de-prensa\/\">Volver a la sala de prensa<\/a><\/p>\n<p>[\/et_pb_text][\/et_pb_column][\/et_pb_row][\/et_pb_section]<\/p>\n","protected":false},"excerpt":{"rendered":"<p>Nota de prensa: Pinardi y Fundaci\u00f3n Quiero Trabajo juntan a 100 j\u00f3venes con 50 mentores de empresas referentes para impulsar la empleabilidad juvenil.<\/p>\n","protected":false},"author":2,"featured_media":1278,"comment_status":"open","ping_status":"closed","template":"","meta":{"_et_pb_use_builder":"on","_et_pb_old_content":"","_et_gb_content_width":"","footnotes":""},"project_category":[16],"project_tag":[],"class_list":["post-1277","project","type-project","status-publish","has-post-thumbnail","hentry","project_category-nota-de-prensa"],"yoast_head":"<!-- This site is optimized with the Yoast SEO plugin v27.5 - https:\/\/yoast.com\/product\/yoast-seo-wordpress\/ -->\n<title>Jornada para la mejora de la empleabilidad juvenil | Primera Experiencia Profesional<\/title>\n<meta name=\"description\" content=\"Nota de prensa: Pinardi y Fundaci\u00f3n Quiero Trabajo juntan a 100 j\u00f3venes con 50 mentores de empresas referentes para impulsar la empleabilidad juvenil.\" \/>\n<meta name=\"robots\" content=\"noindex, follow\" \/>\n<meta property=\"og:locale\" content=\"es_ES\" \/>\n<meta property=\"og:type\" content=\"article\" \/>\n<meta property=\"og:title\" content=\"Jornada para la mejora de la empleabilidad juvenil | Primera Experiencia Profesional\" \/>\n<meta property=\"og:description\" content=\"Nota de prensa: Pinardi y Fundaci\u00f3n Quiero Trabajo juntan a 100 j\u00f3venes con 50 mentores de empresas referentes para impulsar la empleabilidad juvenil.\" \/>\n<meta property=\"og:url\" content=\"https:\/\/pinardi.com\/pep\/project\/jornada-para-la-mejora-de-la-empleabilidad-juvenil\/\" \/>\n<meta property=\"og:site_name\" content=\"Primera Experiencia Profesional\" \/>\n<meta property=\"article:modified_time\" content=\"2023-05-26T09:28:48+00:00\" \/>\n<meta property=\"og:image\" content=\"https:\/\/pinardi.com\/pep\/wp-content\/uploads\/2023\/05\/Jornada-para-la-mejora-de-la-empleabilidad-juvenil-01-Foto-de-grupo-scaled.jpg\" \/>\n\t<meta property=\"og:image:width\" content=\"2560\" \/>\n\t<meta property=\"og:image:height\" content=\"1920\" \/>\n\t<meta property=\"og:image:type\" content=\"image\/jpeg\" \/>\n<meta name=\"twitter:card\" content=\"summary_large_image\" \/>\n<meta name=\"twitter:label1\" content=\"Tiempo de lectura\" \/>\n\t<meta name=\"twitter:data1\" content=\"6 minutos\" \/>\n<script type=\"application\/ld+json\" class=\"yoast-schema-graph\">{\"@context\":\"https:\\\/\\\/schema.org\",\"@graph\":[{\"@type\":\"WebPage\",\"@id\":\"https:\\\/\\\/pinardi.com\\\/pep\\\/project\\\/jornada-para-la-mejora-de-la-empleabilidad-juvenil\\\/\",\"url\":\"https:\\\/\\\/pinardi.com\\\/pep\\\/project\\\/jornada-para-la-mejora-de-la-empleabilidad-juvenil\\\/\",\"name\":\"Jornada para la mejora de la empleabilidad juvenil | Primera Experiencia Profesional\",\"isPartOf\":{\"@id\":\"https:\\\/\\\/pinardi.com\\\/pep\\\/#website\"},\"primaryImageOfPage\":{\"@id\":\"https:\\\/\\\/pinardi.com\\\/pep\\\/project\\\/jornada-para-la-mejora-de-la-empleabilidad-juvenil\\\/#primaryimage\"},\"image\":{\"@id\":\"https:\\\/\\\/pinardi.com\\\/pep\\\/project\\\/jornada-para-la-mejora-de-la-empleabilidad-juvenil\\\/#primaryimage\"},\"thumbnailUrl\":\"https:\\\/\\\/pinardi.com\\\/pep\\\/wp-content\\\/uploads\\\/2023\\\/05\\\/Jornada-para-la-mejora-de-la-empleabilidad-juvenil-01-Foto-de-grupo-scaled.jpg\",\"datePublished\":\"2023-05-26T09:26:57+00:00\",\"dateModified\":\"2023-05-26T09:28:48+00:00\",\"description\":\"Nota de prensa: Pinardi y Fundaci\u00f3n Quiero Trabajo juntan a 100 j\u00f3venes con 50 mentores de empresas referentes para impulsar la empleabilidad juvenil.\",\"breadcrumb\":{\"@id\":\"https:\\\/\\\/pinardi.com\\\/pep\\\/project\\\/jornada-para-la-mejora-de-la-empleabilidad-juvenil\\\/#breadcrumb\"},\"inLanguage\":\"es\",\"potentialAction\":[{\"@type\":\"ReadAction\",\"target\":[\"https:\\\/\\\/pinardi.com\\\/pep\\\/project\\\/jornada-para-la-mejora-de-la-empleabilidad-juvenil\\\/\"]}]},{\"@type\":\"ImageObject\",\"inLanguage\":\"es\",\"@id\":\"https:\\\/\\\/pinardi.com\\\/pep\\\/project\\\/jornada-para-la-mejora-de-la-empleabilidad-juvenil\\\/#primaryimage\",\"url\":\"https:\\\/\\\/pinardi.com\\\/pep\\\/wp-content\\\/uploads\\\/2023\\\/05\\\/Jornada-para-la-mejora-de-la-empleabilidad-juvenil-01-Foto-de-grupo-scaled.jpg\",\"contentUrl\":\"https:\\\/\\\/pinardi.com\\\/pep\\\/wp-content\\\/uploads\\\/2023\\\/05\\\/Jornada-para-la-mejora-de-la-empleabilidad-juvenil-01-Foto-de-grupo-scaled.jpg\",\"width\":2560,\"height\":1920},{\"@type\":\"BreadcrumbList\",\"@id\":\"https:\\\/\\\/pinardi.com\\\/pep\\\/project\\\/jornada-para-la-mejora-de-la-empleabilidad-juvenil\\\/#breadcrumb\",\"itemListElement\":[{\"@type\":\"ListItem\",\"position\":1,\"name\":\"Portada\",\"item\":\"https:\\\/\\\/pinardi.com\\\/pep\\\/\"},{\"@type\":\"ListItem\",\"position\":2,\"name\":\"Proyectos\",\"item\":\"https:\\\/\\\/pinardi.com\\\/pep\\\/project\\\/\"},{\"@type\":\"ListItem\",\"position\":3,\"name\":\"Pinardi y Fundaci\u00f3n Quiero Trabajo juntan a 100 j\u00f3venes con 50 mentores de empresas referentes para impulsar la empleabilidad juvenil\"}]},{\"@type\":\"WebSite\",\"@id\":\"https:\\\/\\\/pinardi.com\\\/pep\\\/#website\",\"url\":\"https:\\\/\\\/pinardi.com\\\/pep\\\/\",\"name\":\"Primera Experiencia Profesional\",\"description\":\"Proyecto para la empleabilidad juvenil\",\"publisher\":{\"@id\":\"https:\\\/\\\/pinardi.com\\\/pep\\\/#organization\"},\"alternateName\":\"PEP\",\"potentialAction\":[{\"@type\":\"SearchAction\",\"target\":{\"@type\":\"EntryPoint\",\"urlTemplate\":\"https:\\\/\\\/pinardi.com\\\/pep\\\/?s={search_term_string}\"},\"query-input\":{\"@type\":\"PropertyValueSpecification\",\"valueRequired\":true,\"valueName\":\"search_term_string\"}}],\"inLanguage\":\"es\"},{\"@type\":\"Organization\",\"@id\":\"https:\\\/\\\/pinardi.com\\\/pep\\\/#organization\",\"name\":\"Primera Experiencia Profesional, un proyecto de Pinardi\",\"url\":\"https:\\\/\\\/pinardi.com\\\/pep\\\/\",\"logo\":{\"@type\":\"ImageObject\",\"inLanguage\":\"es\",\"@id\":\"https:\\\/\\\/pinardi.com\\\/pep\\\/#\\\/schema\\\/logo\\\/image\\\/\",\"url\":\"https:\\\/\\\/pinardi.com\\\/pep\\\/wp-content\\\/uploads\\\/2022\\\/10\\\/pep-22-completo-vertical-01.png\",\"contentUrl\":\"https:\\\/\\\/pinardi.com\\\/pep\\\/wp-content\\\/uploads\\\/2022\\\/10\\\/pep-22-completo-vertical-01.png\",\"width\":3508,\"height\":2480,\"caption\":\"Primera Experiencia Profesional, un proyecto de Pinardi\"},\"image\":{\"@id\":\"https:\\\/\\\/pinardi.com\\\/pep\\\/#\\\/schema\\\/logo\\\/image\\\/\"},\"sameAs\":[\"https:\\\/\\\/www.tiktok.com\\\/@pep_pinardi\",\"https:\\\/\\\/www.instagram.com\\\/pep_pinardi\\\/\"]}]}<\/script>\n<!-- \/ Yoast SEO plugin. -->","yoast_head_json":{"title":"Jornada para la mejora de la empleabilidad juvenil | Primera Experiencia Profesional","description":"Nota de prensa: Pinardi y Fundaci\u00f3n Quiero Trabajo juntan a 100 j\u00f3venes con 50 mentores de empresas referentes para impulsar la empleabilidad juvenil.","robots":{"index":"noindex","follow":"follow"},"og_locale":"es_ES","og_type":"article","og_title":"Jornada para la mejora de la empleabilidad juvenil | Primera Experiencia Profesional","og_description":"Nota de prensa: Pinardi y Fundaci\u00f3n Quiero Trabajo juntan a 100 j\u00f3venes con 50 mentores de empresas referentes para impulsar la empleabilidad juvenil.","og_url":"https:\/\/pinardi.com\/pep\/project\/jornada-para-la-mejora-de-la-empleabilidad-juvenil\/","og_site_name":"Primera Experiencia Profesional","article_modified_time":"2023-05-26T09:28:48+00:00","og_image":[{"width":2560,"height":1920,"url":"https:\/\/pinardi.com\/pep\/wp-content\/uploads\/2023\/05\/Jornada-para-la-mejora-de-la-empleabilidad-juvenil-01-Foto-de-grupo-scaled.jpg","type":"image\/jpeg"}],"twitter_card":"summary_large_image","twitter_misc":{"Tiempo de lectura":"6 minutos"},"schema":{"@context":"https:\/\/schema.org","@graph":[{"@type":"WebPage","@id":"https:\/\/pinardi.com\/pep\/project\/jornada-para-la-mejora-de-la-empleabilidad-juvenil\/","url":"https:\/\/pinardi.com\/pep\/project\/jornada-para-la-mejora-de-la-empleabilidad-juvenil\/","name":"Jornada para la mejora de la empleabilidad juvenil | Primera Experiencia Profesional","isPartOf":{"@id":"https:\/\/pinardi.com\/pep\/#website"},"primaryImageOfPage":{"@id":"https:\/\/pinardi.com\/pep\/project\/jornada-para-la-mejora-de-la-empleabilidad-juvenil\/#primaryimage"},"image":{"@id":"https:\/\/pinardi.com\/pep\/project\/jornada-para-la-mejora-de-la-empleabilidad-juvenil\/#primaryimage"},"thumbnailUrl":"https:\/\/pinardi.com\/pep\/wp-content\/uploads\/2023\/05\/Jornada-para-la-mejora-de-la-empleabilidad-juvenil-01-Foto-de-grupo-scaled.jpg","datePublished":"2023-05-26T09:26:57+00:00","dateModified":"2023-05-26T09:28:48+00:00","description":"Nota de prensa: Pinardi y Fundaci\u00f3n Quiero Trabajo juntan a 100 j\u00f3venes con 50 mentores de empresas referentes para impulsar la empleabilidad juvenil.","breadcrumb":{"@id":"https:\/\/pinardi.com\/pep\/project\/jornada-para-la-mejora-de-la-empleabilidad-juvenil\/#breadcrumb"},"inLanguage":"es","potentialAction":[{"@type":"ReadAction","target":["https:\/\/pinardi.com\/pep\/project\/jornada-para-la-mejora-de-la-empleabilidad-juvenil\/"]}]},{"@type":"ImageObject","inLanguage":"es","@id":"https:\/\/pinardi.com\/pep\/project\/jornada-para-la-mejora-de-la-empleabilidad-juvenil\/#primaryimage","url":"https:\/\/pinardi.com\/pep\/wp-content\/uploads\/2023\/05\/Jornada-para-la-mejora-de-la-empleabilidad-juvenil-01-Foto-de-grupo-scaled.jpg","contentUrl":"https:\/\/pinardi.com\/pep\/wp-content\/uploads\/2023\/05\/Jornada-para-la-mejora-de-la-empleabilidad-juvenil-01-Foto-de-grupo-scaled.jpg","width":2560,"height":1920},{"@type":"BreadcrumbList","@id":"https:\/\/pinardi.com\/pep\/project\/jornada-para-la-mejora-de-la-empleabilidad-juvenil\/#breadcrumb","itemListElement":[{"@type":"ListItem","position":1,"name":"Portada","item":"https:\/\/pinardi.com\/pep\/"},{"@type":"ListItem","position":2,"name":"Proyectos","item":"https:\/\/pinardi.com\/pep\/project\/"},{"@type":"ListItem","position":3,"name":"Pinardi y Fundaci\u00f3n Quiero Trabajo juntan a 100 j\u00f3venes con 50 mentores de empresas referentes para impulsar la empleabilidad juvenil"}]},{"@type":"WebSite","@id":"https:\/\/pinardi.com\/pep\/#website","url":"https:\/\/pinardi.com\/pep\/","name":"Primera Experiencia Profesional","description":"Proyecto para la empleabilidad juvenil","publisher":{"@id":"https:\/\/pinardi.com\/pep\/#organization"},"alternateName":"PEP","potentialAction":[{"@type":"SearchAction","target":{"@type":"EntryPoint","urlTemplate":"https:\/\/pinardi.com\/pep\/?s={search_term_string}"},"query-input":{"@type":"PropertyValueSpecification","valueRequired":true,"valueName":"search_term_string"}}],"inLanguage":"es"},{"@type":"Organization","@id":"https:\/\/pinardi.com\/pep\/#organization","name":"Primera Experiencia Profesional, un proyecto de Pinardi","url":"https:\/\/pinardi.com\/pep\/","logo":{"@type":"ImageObject","inLanguage":"es","@id":"https:\/\/pinardi.com\/pep\/#\/schema\/logo\/image\/","url":"https:\/\/pinardi.com\/pep\/wp-content\/uploads\/2022\/10\/pep-22-completo-vertical-01.png","contentUrl":"https:\/\/pinardi.com\/pep\/wp-content\/uploads\/2022\/10\/pep-22-completo-vertical-01.png","width":3508,"height":2480,"caption":"Primera Experiencia Profesional, un proyecto de Pinardi"},"image":{"@id":"https:\/\/pinardi.com\/pep\/#\/schema\/logo\/image\/"},"sameAs":["https:\/\/www.tiktok.com\/@pep_pinardi","https:\/\/www.instagram.com\/pep_pinardi\/"]}]}},"_links":{"self":[{"href":"https:\/\/pinardi.com\/pep\/wp-json\/wp\/v2\/project\/1277","targetHints":{"allow":["GET"]}}],"collection":[{"href":"https:\/\/pinardi.com\/pep\/wp-json\/wp\/v2\/project"}],"about":[{"href":"https:\/\/pinardi.com\/pep\/wp-json\/wp\/v2\/types\/project"}],"author":[{"embeddable":true,"href":"https:\/\/pinardi.com\/pep\/wp-json\/wp\/v2\/users\/2"}],"replies":[{"embeddable":true,"href":"https:\/\/pinardi.com\/pep\/wp-json\/wp\/v2\/comments?post=1277"}],"version-history":[{"count":6,"href":"https:\/\/pinardi.com\/pep\/wp-json\/wp\/v2\/project\/1277\/revisions"}],"predecessor-version":[{"id":1293,"href":"https:\/\/pinardi.com\/pep\/wp-json\/wp\/v2\/project\/1277\/revisions\/1293"}],"wp:featuredmedia":[{"embeddable":true,"href":"https:\/\/pinardi.com\/pep\/wp-json\/wp\/v2\/media\/1278"}],"wp:attachment":[{"href":"https:\/\/pinardi.com\/pep\/wp-json\/wp\/v2\/media?parent=1277"}],"wp:term":[{"taxonomy":"project_category","embeddable":true,"href":"https:\/\/pinardi.com\/pep\/wp-json\/wp\/v2\/project_category?post=1277"},{"taxonomy":"project_tag","embeddable":true,"href":"https:\/\/pinardi.com\/pep\/wp-json\/wp\/v2\/project_tag?post=1277"}],"curies":[{"name":"wp","href":"https:\/\/api.w.org\/{rel}","templated":true}]}}